{"id":26251,"date":"2023-03-31T10:39:34","date_gmt":"2023-03-31T08:39:34","guid":{"rendered":"https:\/\/www.dyflexis.com\/nl\/?post_type=ww_customer_reviews&#038;p=26251"},"modified":"2026-03-06T16:41:51","modified_gmt":"2026-03-06T15:41:51","slug":"singer-laren","status":"publish","type":"ww_customer_reviews","link":"https:\/\/www.dyflexis.com\/nl\/reviews\/singer-laren\/","title":{"rendered":"Bij moderne kunst hoort een moderne werkwijze"},"content":{"rendered":"\n<div class=\"block__background  container-padding-mobile lg:container-padding-desktop break-container-padding tw-relative tw-bg-transparent tw-pt-[80px] tw-pb-[80px] tw-bg-cover tw-bg-no-repeat 3xl:!tw-bg-none\" style=\"\">\n\t\n\t\n\t<div class=\"block__background__content tw-w-full tw-mx-auto tw-max-w-[1352px] tw-relative tw-z-10\">\n\t\t<div class=\"block__background__columns__container tw-flex tw-flex-col tw-flex tw-flex-col tw-gap-[80px] lg:tw-gap-[160px]\">\n\n\n<div class=\"text-block vertical-grow-allowed tw-flex tw-flex-col tw-gap-5 md:tw-gap-10  \">\n\t\n\t\t\t<div class=\"text-block__content wysiwyg__content\">\n\t\t\t<div class=\"wysiwyg__content\"><p><em><strong><i>Singer Laren is een creatieve duizendpoot. Het is een museum, theater, restaurant, beeldentuin \u00e9n kunsthistorisch centrum in \u00e9\u00e9n. Hoe hou je als veelzijdige organisatie alle ballen in de lucht? Hoe bewaar je het overzicht van al je afdelingen en blijf je tegelijkertijd groeien? Met liefde voor het vak, een soepele samenwerking met collega\u2019s en met ondersteuning van een doeltreffend Workforce Management systeem krijg je alles voor elkaar!<\/i>\u00a0<\/strong><\/em><\/p>\n<\/div>\t\t<\/div>\n\t\t\n\t<\/div>\n<\/div>\n\t<\/div>\n\n    <\/div>\n\n\n\n<div class=\"block__background  container-padding-mobile lg:container-padding-desktop break-container-padding tw-relative tw-bg-transparent tw-pt-[40px] tw-pb-[40px] tw-bg-cover tw-bg-no-repeat 3xl:!tw-bg-none\" style=\"\">\n\t\n\t\n\t<div class=\"block__background__content tw-w-full tw-mx-auto tw-max-w-[1352px] tw-relative tw-z-10\">\n\t\t<div class=\"block__background__columns__container tw-flex tw-flex-col tw-flex tw-flex-col tw-gap-[40px] lg:tw-gap-[80px]\">\n\n\n<div class=\"text-block vertical-grow-allowed tw-flex tw-flex-col tw-gap-5 md:tw-gap-10  \">\n\t\t\t<div class=\"text-block__title-wrapper tw-flex tw-flex-col tw-items-start md:tw-flex-row tw-flex-wrap md:tw-items-center tw-justify-between tw-gap-4\">\n\t\t\t\t\t\t\t<h2 class=\" tw-m-0\">\n\t\t\t\t\t\t\t\t\t\tDit is Singer Laren \t\t\t\t<\/h2>\n\t\t\t\n\t\t\t\t\t<\/div>\n\t\n\t\t\t<div class=\"text-block__content wysiwyg__content\">\n\t\t\t<div class=\"wysiwyg__content\"><p><span data-contrast=\"none\">Singer Laren bestaat al sinds 1956. Het is het voormalige woonhuis van Anna en William Singer, een Amerikaans echtpaar en kunstliefhebber pur sang. Zij verhuisden vanuit Parijs naar het kunstenaarsdorp Laren om zich volledig bezig te houden met hun passie. Samen verzamelden ze een mooie collectie aan verschillende soorten kunst. Na het overlijden van William, stelde Anna hun verzameling open voor het grote publiek.\u00a0<\/span><span><a href=\"https:\/\/www.singerlaren.nl\/nl\/\">Nu is Singer Laren een thuis waar kunsten, zaken en mensen samenkomen.<\/a><\/span><\/p>\n<\/div>\t\t<\/div>\n\t\t\n\t<\/div>\n<\/div>\n\t<\/div>\n\n    <\/div>\n\n\n\n<div class=\"block__background  container-padding-mobile lg:container-padding-desktop break-container-padding tw-relative tw-bg-transparent tw-pt-[40px] tw-pb-[40px] tw-bg-cover tw-bg-no-repeat 3xl:!tw-bg-none\" style=\"\">\n\t\n\t\n\t<div class=\"block__background__content tw-w-full tw-mx-auto tw-max-w-[1352px] tw-relative tw-z-10\">\n\t\t<div class=\"block__background__columns__container tw-flex tw-flex-col tw-flex tw-flex-col tw-gap-[40px] lg:tw-gap-[80px]\">\n\n<div class=\"wp-block-columns layout-asymmetric-left-right is-layout-flex wp-container-core-columns-is-layout-9d6595d7 wp-block-columns-is-layout-flex\">\n<div class=\"wp-block-column is-vertically-aligned-center column-41 is-layout-flow wp-block-column-is-layout-flow column--has-image\" style=\"flex-basis:41%\">\n<figure class=\"wp-block-image size-large is-style-rounded-corners is-style-rounded-corners--1\"><img loading=\"lazy\" decoding=\"async\" width=\"1024\" height=\"768\" src=\"https:\/\/www.dyflexis.com\/wp-content\/uploads\/2019\/04\/Singer-Laren-tuin-1024x768.jpeg\" alt=\"\" class=\"wp-image-23126\" srcset=\"https:\/\/www.dyflexis.com\/nl\/wp-content\/uploads\/2019\/04\/Singer-Laren-tuin-1024x768.jpeg 1024w, https:\/\/www.dyflexis.com\/nl\/wp-content\/uploads\/2019\/04\/Singer-Laren-tuin-1350x1012.jpeg 1350w, https:\/\/www.dyflexis.com\/nl\/wp-content\/uploads\/2019\/04\/Singer-Laren-tuin-415x311.jpeg 415w, https:\/\/www.dyflexis.com\/nl\/wp-content\/uploads\/2019\/04\/Singer-Laren-tuin-44x33.jpeg 44w, https:\/\/www.dyflexis.com\/nl\/wp-content\/uploads\/2019\/04\/Singer-Laren-tuin-40x30.jpeg 40w, https:\/\/www.dyflexis.com\/nl\/wp-content\/uploads\/2019\/04\/Singer-Laren-tuin-300x225.jpeg 300w, https:\/\/www.dyflexis.com\/nl\/wp-content\/uploads\/2019\/04\/Singer-Laren-tuin-768x576.jpeg 768w, https:\/\/www.dyflexis.com\/nl\/wp-content\/uploads\/2019\/04\/Singer-Laren-tuin-1536x1152.jpeg 1536w, https:\/\/www.dyflexis.com\/nl\/wp-content\/uploads\/2019\/04\/Singer-Laren-tuin-2048x1536.jpeg 2048w, https:\/\/www.dyflexis.com\/nl\/wp-content\/uploads\/2019\/04\/Singer-Laren-tuin-1920x1440.jpeg 1920w, https:\/\/www.dyflexis.com\/nl\/wp-content\/uploads\/2019\/04\/Singer-Laren-tuin-640x480.jpeg 640w, https:\/\/www.dyflexis.com\/nl\/wp-content\/uploads\/2019\/04\/Singer-Laren-tuin-145x109.jpeg 145w, https:\/\/www.dyflexis.com\/nl\/wp-content\/uploads\/2019\/04\/Singer-Laren-tuin-746x560.jpeg 746w, https:\/\/www.dyflexis.com\/nl\/wp-content\/uploads\/2019\/04\/Singer-Laren-tuin-950x713.jpeg 950w, https:\/\/www.dyflexis.com\/nl\/wp-content\/uploads\/2019\/04\/Singer-Laren-tuin-1016x762.jpeg 1016w, https:\/\/www.dyflexis.com\/nl\/wp-content\/uploads\/2019\/04\/Singer-Laren-tuin-250x188.jpeg 250w, https:\/\/www.dyflexis.com\/nl\/wp-content\/uploads\/2019\/04\/Singer-Laren-tuin-380x285.jpeg 380w, https:\/\/www.dyflexis.com\/nl\/wp-content\/uploads\/2019\/04\/Singer-Laren-tuin-450x338.jpeg 450w, https:\/\/www.dyflexis.com\/nl\/wp-content\/uploads\/2019\/04\/Singer-Laren-tuin-817x613.jpeg 817w, https:\/\/www.dyflexis.com\/nl\/wp-content\/uploads\/2019\/04\/Singer-Laren-tuin-147x110.jpeg 147w, https:\/\/www.dyflexis.com\/nl\/wp-content\/uploads\/2019\/04\/Singer-Laren-tuin-285x214.jpeg 285w, https:\/\/www.dyflexis.com\/nl\/wp-content\/uploads\/2019\/04\/Singer-Laren-tuin-725x544.jpeg 725w\" sizes=\"auto, (max-width: 1024px) 100vw, 1024px\" \/><figcaption class=\"wp-element-caption\"><em>De beeldentuin van Singer Laren<\/em><\/figcaption><\/figure>\n<\/div>\n\n\n\n<div class=\"wp-block-column is-vertically-aligned-center spacer-column column-9 is-layout-flow wp-block-column-is-layout-flow\" style=\"flex-basis:9%\"><\/div>\n\n\n\n<div class=\"wp-block-column is-vertically-aligned-center column-50 is-layout-flow wp-block-column-is-layout-flow\" style=\"flex-basis:50%\">\n\n<div class=\"text-block vertical-grow-allowed tw-flex tw-flex-col tw-gap-5 md:tw-gap-10  \">\n\t\t\t<div class=\"text-block__title-wrapper tw-flex tw-flex-col tw-items-start md:tw-flex-row tw-flex-wrap md:tw-items-center tw-justify-between tw-gap-4\">\n\t\t\t\t\t\t\t<h2 class=\" tw-m-0\">\n\t\t\t\t\t\t\t\t\t\tVan handwerk naar automatisering   \t\t\t\t<\/h2>\n\t\t\t\n\t\t\t\t\t<\/div>\n\t\n\t\t\t<div class=\"text-block__content wysiwyg__content\">\n\t\t\t<div class=\"wysiwyg__content\"><p><span data-contrast=\"none\">Inmiddels werken er 110 medewerkers en 130 vrijwilligers, verdeeld over verschillende afdelingen: het museum, de bijbehorende museumwinkel, de beeldentuin, het restaurant en het theater. E\u00e9n van deze medewerkers is Aline Dooijewaard. Zij is directie assistent en houdt zich dagelijks bezig met HR en IT systemen. Door de jaren heen pakte ze steeds meer verschillende werkzaamheden op en ontwikkelde ze nieuwe vaardigheden. Mede door deze groeimogelijkheden werkt ze nog steeds met veel plezier bij Singer Laren.\u00a0<\/span><span data-ccp-props=\"{&quot;201341983&quot;:0,&quot;335559739&quot;:160,&quot;335559740&quot;:276}\">\u00a0<\/span><\/p>\n<\/div>\t\t<\/div>\n\t\t\n\t<\/div><\/div>\n<\/div>\n\n<\/div>\n\t<\/div>\n\n    <\/div>\n\n\n\n<div class=\"block__background  container-padding-mobile lg:container-padding-desktop break-container-padding tw-relative tw-bg-transparent tw-pt-[40px] tw-pb-[40px] tw-bg-cover tw-bg-no-repeat 3xl:!tw-bg-none\" style=\"\">\n\t\n\t\n\t<div class=\"block__background__content tw-w-full tw-mx-auto tw-max-w-[1352px] tw-relative tw-z-10\">\n\t\t<div class=\"block__background__columns__container tw-flex tw-flex-col tw-flex tw-flex-col tw-gap-[40px] lg:tw-gap-[80px]\">\n\n\n<div class=\"text-block vertical-grow-allowed tw-flex tw-flex-col tw-gap-5 md:tw-gap-10  \">\n\t\n\t\t\t<div class=\"text-block__content wysiwyg__content\">\n\t\t\t<div class=\"wysiwyg__content\"><p><span data-contrast=\"none\">\u201cToen ik in 2014 begon, waren er collega\u2019s die al jaren op dezelfde manier werkten. Hierdoor ontstond er stilstand in de organisatie. Personeelsroosters maakten we handmatig in Excel en op losse A4\u2019tjes. Onze accountant stuurde ook alle loonstroken zelf op naar de salarisadministrateur. Dit was omslachtig en koste onnodig veel tijd. \u2018Dat kan anders\u2019, dacht ik. Daarom zocht ik een praktisch planningssysteem en vergeleek verschillende software met elkaar. Dyflexis kwam daar als beste uit: een consultant kwam persoonlijk bij ons langs om een demo te geven. Het systeem is gebruiksvriendelijk en intu\u00eftief. Dit maakte mijn keuze voor Dyflexis erg makkelijk.\u201d<\/span><span data-ccp-props=\"{&quot;201341983&quot;:0,&quot;335559739&quot;:160,&quot;335559740&quot;:276}\">\u00a0<\/span><\/p>\n<blockquote><p><b><i><span data-contrast=\"none\">\u201cAlles wat we eerst handmatig deden, gaat nu volledig automatisch en digitaal.\u201d<\/span><\/i><\/b><span data-ccp-props=\"{&quot;201341983&quot;:0,&quot;335551550&quot;:2,&quot;335551620&quot;:2,&quot;335559739&quot;:160,&quot;335559740&quot;:276}\">\u00a0<\/span><\/p><\/blockquote>\n<p><span data-contrast=\"none\">\u201cNa onze keuze voor Dyflexis, verliep alles snel.\u00a0<\/span><span><a href=\"https:\/\/www.dyflexis.com\/nl\/de-vijf-voordelen-van-een-workforce-management-software-consultant\/\">De consultant hielp ons met de implementatie van het systeem en gaf waardevol advies over belangrijke bedrijfsprocessen.<\/a><\/span><span data-contrast=\"none\">\u00a0Mede hierdoor konden we nog meer centraliseren. Daarna volgden mijn collega\u2019s en ik de training. Sindsdien maken we\u00a0<a href=\"https:\/\/www.dyflexis.com\/nl\/workforce-management\/personeelsplanning\/\">personeelsplanningen<\/a>\u00a0in een handomdraai en verloopt de verloning vlekkeloos. Dit komt door de koppelingen met Countus Accountants en met\u00a0<a href=\"https:\/\/www.dyflexis.com\/nl\/marketplace\/exact\/\">Exact Online<\/a>.\u201d<\/span><span data-ccp-props=\"{&quot;201341983&quot;:0,&quot;335559739&quot;:160,&quot;335559740&quot;:276}\">\u00a0<\/span><\/p>\n<\/div>\t\t<\/div>\n\t\t\n\t<\/div>\n<\/div>\n\t<\/div>\n\n    <\/div>\n\n\n\n<div class=\"block__background  container-padding-mobile lg:container-padding-desktop break-container-padding tw-relative tw-bg-transparent tw-pt-[40px] tw-pb-[40px] tw-bg-cover tw-bg-no-repeat 3xl:!tw-bg-none\" style=\"\">\n\t\n\t\n\t<div class=\"block__background__content tw-w-full tw-mx-auto tw-max-w-[1352px] tw-relative tw-z-10\">\n\t\t<div class=\"block__background__columns__container tw-flex tw-flex-col tw-flex tw-flex-col tw-gap-[40px] lg:tw-gap-[80px]\">\n\n<div class=\"wp-block-columns layout-asymmetric-right-left is-layout-flex wp-container-core-columns-is-layout-9d6595d7 wp-block-columns-is-layout-flex\">\n<div class=\"wp-block-column is-vertically-aligned-center column-50 is-layout-flow wp-block-column-is-layout-flow\" style=\"flex-basis:50%\">\n\n<div class=\"text-block vertical-grow-allowed tw-flex tw-flex-col tw-gap-5 md:tw-gap-10  \">\n\t\t\t<div class=\"text-block__title-wrapper tw-flex tw-flex-col tw-items-start md:tw-flex-row tw-flex-wrap md:tw-items-center tw-justify-between tw-gap-4\">\n\t\t\t\t\t\t\t<h2 class=\" tw-m-0\">\n\t\t\t\t\t\t\t\t\t\tAlle ballen in de lucht \t\t\t\t<\/h2>\n\t\t\t\n\t\t\t\t\t<\/div>\n\t\n\t\t\t<div class=\"text-block__content wysiwyg__content\">\n\t\t\t<div class=\"wysiwyg__content\"><p><span data-contrast=\"none\">\u201cWekelijks ontvangen we veel kunstliefhebbers in het museum. In 2022 haalden we een heus bezoekersrecord en ontvingen we maar liefst 213.000 museumbezoekers. Alles bij elkaar opgeteld zelfs 260.000! Vrijwel alle museumbezoekers lusten tijdens hun bezoek wel een kopje koffie en een gebakje. Daarom ontvangen we ook in het Singer Caf\u00e9 vijfduizend bezoekers per week. In onze theaterzaal is er plek voor 400 gasten. Veel van hen dineren voor de voorstelling in ons restaurant. Daarnaast verhuren we ook zalen voor onder andere zakelijke bijeenkomsten en evenementen. Al deze activiteiten zorgen voor een dynamische werkomgeving en vragen om grip en controle. Je kunt je voorstellen dat het nogal wat voeten in de aarde heeft om onze medewerkers en vrijwilligers hiervoor in te plannen om al onze gasten een mooie ervaring te bieden.\u201d<\/span><span data-ccp-props=\"{&quot;201341983&quot;:0,&quot;335559739&quot;:160,&quot;335559740&quot;:276}\">\u00a0<\/span><\/p>\n<\/div>\t\t<\/div>\n\t\t\n\t<\/div><\/div>\n\n\n\n<div class=\"wp-block-column is-vertically-aligned-center spacer-column column-9 is-layout-flow wp-block-column-is-layout-flow\" style=\"flex-basis:9%\"><\/div>\n\n\n\n<div class=\"wp-block-column is-vertically-aligned-center column-41 is-layout-flow wp-block-column-is-layout-flow column--has-image\" style=\"flex-basis:41%\">\n<figure class=\"wp-block-image size-large is-style-rounded-corners is-style-rounded-corners--2\"><img loading=\"lazy\" decoding=\"async\" width=\"1024\" height=\"683\" src=\"https:\/\/www.dyflexis.com\/wp-content\/uploads\/2019\/04\/Singer-Laren-terras-1024x683.jpg\" alt=\"\" class=\"wp-image-23125\" srcset=\"https:\/\/www.dyflexis.com\/nl\/wp-content\/uploads\/2019\/04\/Singer-Laren-terras-1024x683.jpg 1024w, https:\/\/www.dyflexis.com\/nl\/wp-content\/uploads\/2019\/04\/Singer-Laren-terras-415x277.jpg 415w, https:\/\/www.dyflexis.com\/nl\/wp-content\/uploads\/2019\/04\/Singer-Laren-terras-50x33.jpg 50w, https:\/\/www.dyflexis.com\/nl\/wp-content\/uploads\/2019\/04\/Singer-Laren-terras-40x27.jpg 40w, https:\/\/www.dyflexis.com\/nl\/wp-content\/uploads\/2019\/04\/Singer-Laren-terras-300x200.jpg 300w, https:\/\/www.dyflexis.com\/nl\/wp-content\/uploads\/2019\/04\/Singer-Laren-terras-768x512.jpg 768w, https:\/\/www.dyflexis.com\/nl\/wp-content\/uploads\/2019\/04\/Singer-Laren-terras-1536x1024.jpg 1536w, https:\/\/www.dyflexis.com\/nl\/wp-content\/uploads\/2019\/04\/Singer-Laren-terras-1920x1280.jpg 1920w, https:\/\/www.dyflexis.com\/nl\/wp-content\/uploads\/2019\/04\/Singer-Laren-terras-1350x900.jpg 1350w, https:\/\/www.dyflexis.com\/nl\/wp-content\/uploads\/2019\/04\/Singer-Laren-terras-640x427.jpg 640w, https:\/\/www.dyflexis.com\/nl\/wp-content\/uploads\/2019\/04\/Singer-Laren-terras-164x109.jpg 164w, https:\/\/www.dyflexis.com\/nl\/wp-content\/uploads\/2019\/04\/Singer-Laren-terras-746x497.jpg 746w, https:\/\/www.dyflexis.com\/nl\/wp-content\/uploads\/2019\/04\/Singer-Laren-terras-950x633.jpg 950w, https:\/\/www.dyflexis.com\/nl\/wp-content\/uploads\/2019\/04\/Singer-Laren-terras-1016x677.jpg 1016w, https:\/\/www.dyflexis.com\/nl\/wp-content\/uploads\/2019\/04\/Singer-Laren-terras-250x167.jpg 250w, https:\/\/www.dyflexis.com\/nl\/wp-content\/uploads\/2019\/04\/Singer-Laren-terras-380x253.jpg 380w, https:\/\/www.dyflexis.com\/nl\/wp-content\/uploads\/2019\/04\/Singer-Laren-terras-450x300.jpg 450w, https:\/\/www.dyflexis.com\/nl\/wp-content\/uploads\/2019\/04\/Singer-Laren-terras-817x545.jpg 817w, https:\/\/www.dyflexis.com\/nl\/wp-content\/uploads\/2019\/04\/Singer-Laren-terras-165x110.jpg 165w, https:\/\/www.dyflexis.com\/nl\/wp-content\/uploads\/2019\/04\/Singer-Laren-terras-285x190.jpg 285w, https:\/\/www.dyflexis.com\/nl\/wp-content\/uploads\/2019\/04\/Singer-Laren-terras-725x483.jpg 725w, https:\/\/www.dyflexis.com\/nl\/wp-content\/uploads\/2019\/04\/Singer-Laren-terras.jpg 2048w\" sizes=\"auto, (max-width: 1024px) 100vw, 1024px\" \/><figcaption class=\"wp-element-caption\"><em>Het zonnige terras in de beeldentuin<\/em><\/figcaption><\/figure>\n<\/div>\n<\/div>\n\n<\/div>\n\t<\/div>\n\n    <\/div>\n\n\n\n<div class=\"block__background  container-padding-mobile lg:container-padding-desktop break-container-padding tw-relative tw-bg-transparent tw-pt-[40px] tw-pb-[40px] tw-bg-cover tw-bg-no-repeat 3xl:!tw-bg-none\" style=\"\">\n\t\n\t\n\t<div class=\"block__background__content tw-w-full tw-mx-auto tw-max-w-[1352px] tw-relative tw-z-10\">\n\t\t<div class=\"block__background__columns__container tw-flex tw-flex-col tw-flex tw-flex-col tw-gap-[40px] lg:tw-gap-[80px]\">\n\n\n<div class=\"text-block vertical-grow-allowed tw-flex tw-flex-col tw-gap-5 md:tw-gap-10  \">\n\t\n\t\t\t<div class=\"text-block__content wysiwyg__content\">\n\t\t\t<div class=\"wysiwyg__content\"><p><span data-contrast=\"none\">Dat zoveel verschillende dingen tegelijkertijd doen werkt, blijkt wel uit de groei die Singer Laren de afgelopen jaren maakte: \u201cIn 2015 begonnen we aan een grote verbouwing: we bouwden een nieuwe centrale entreehal die de ingang is voor zowel het museum, het theater als het restaurant. Ook de theaterzaal is volledig nieuw.\u201d<\/span><span data-ccp-props=\"{&quot;201341983&quot;:0,&quot;335559739&quot;:160,&quot;335559740&quot;:276}\">\u00a0<\/span><\/p>\n<blockquote><p><b><i><span data-contrast=\"none\">\u201cDyflexis maakt onze groei makkelijk en versterkt de onderlinge saamhorigheid.\u201d<\/span><\/i><\/b><span data-ccp-props=\"{&quot;201341983&quot;:0,&quot;335551550&quot;:2,&quot;335551620&quot;:2,&quot;335559739&quot;:160,&quot;335559740&quot;:276}\">\u00a0<\/span><\/p><\/blockquote>\n<p><span data-contrast=\"none\">\u201c<\/span><span><a href=\"https:\/\/www.singerlaren.nl\/nl\/pQJwktB\/collectie-nardinc\">In 2018 ontvingen we een grote schenking van Els Blokker:<\/a><\/span><span data-contrast=\"none\">\u00a0zij doneerde meer dan 100 schilderijen.<\/span><span data-contrast=\"none\">\u00a0Speciaal om deze mooie aanvulling permanent in onze collectie op te nemen, bouwden we een nieuwe vleugel met vijf extra zalen. Door Corona konden collega\u2019s hun normale werk niet meer doen en hielpen ze in plaats daarvan mee met klussen en schilderen. Het was gezellig om met z\u2019n allen aan de verbouwing te werken.\u201d<\/span><span data-ccp-props=\"{&quot;201341983&quot;:0,&quot;335559739&quot;:160,&quot;335559740&quot;:276}\">\u00a0<\/span><\/p>\n<\/div>\t\t<\/div>\n\t\t\n\t<\/div>\n<\/div>\n\t<\/div>\n\n    <\/div>\n\n\n\n<div class=\"block__background  container-padding-mobile lg:container-padding-desktop break-container-padding tw-relative tw-bg-transparent tw-pt-[40px] tw-pb-[40px] tw-bg-cover tw-bg-no-repeat 3xl:!tw-bg-none\" style=\"\">\n\t\n\t\n\t<div class=\"block__background__content tw-w-full tw-mx-auto tw-max-w-[1352px] tw-relative tw-z-10\">\n\t\t<div class=\"block__background__columns__container tw-flex tw-flex-col tw-flex tw-flex-col tw-gap-[40px] lg:tw-gap-[80px]\">\n\n<div class=\"wp-block-columns layout-asymmetric-left-right is-layout-flex wp-container-core-columns-is-layout-9d6595d7 wp-block-columns-is-layout-flex\">\n<div class=\"wp-block-column is-vertically-aligned-center column-41 is-layout-flow wp-block-column-is-layout-flow column--has-image\" style=\"flex-basis:41%\">\n<figure class=\"wp-block-image size-full is-style-rounded-corners is-style-rounded-corners--3\"><img loading=\"lazy\" decoding=\"async\" width=\"1024\" height=\"682\" src=\"https:\/\/www.dyflexis.com\/wp-content\/uploads\/2019\/04\/Singer-Laren-buitenaanzicht.jpg\" alt=\"\" class=\"wp-image-23124\" srcset=\"https:\/\/www.dyflexis.com\/nl\/wp-content\/uploads\/2019\/04\/Singer-Laren-buitenaanzicht.jpg 1024w, https:\/\/www.dyflexis.com\/nl\/wp-content\/uploads\/2019\/04\/Singer-Laren-buitenaanzicht-415x276.jpg 415w, https:\/\/www.dyflexis.com\/nl\/wp-content\/uploads\/2019\/04\/Singer-Laren-buitenaanzicht-50x33.jpg 50w, https:\/\/www.dyflexis.com\/nl\/wp-content\/uploads\/2019\/04\/Singer-Laren-buitenaanzicht-40x27.jpg 40w, https:\/\/www.dyflexis.com\/nl\/wp-content\/uploads\/2019\/04\/Singer-Laren-buitenaanzicht-300x200.jpg 300w, https:\/\/www.dyflexis.com\/nl\/wp-content\/uploads\/2019\/04\/Singer-Laren-buitenaanzicht-768x512.jpg 768w, https:\/\/www.dyflexis.com\/nl\/wp-content\/uploads\/2019\/04\/Singer-Laren-buitenaanzicht-640x426.jpg 640w, https:\/\/www.dyflexis.com\/nl\/wp-content\/uploads\/2019\/04\/Singer-Laren-buitenaanzicht-164x109.jpg 164w, https:\/\/www.dyflexis.com\/nl\/wp-content\/uploads\/2019\/04\/Singer-Laren-buitenaanzicht-746x497.jpg 746w, https:\/\/www.dyflexis.com\/nl\/wp-content\/uploads\/2019\/04\/Singer-Laren-buitenaanzicht-950x633.jpg 950w, https:\/\/www.dyflexis.com\/nl\/wp-content\/uploads\/2019\/04\/Singer-Laren-buitenaanzicht-1016x677.jpg 1016w, https:\/\/www.dyflexis.com\/nl\/wp-content\/uploads\/2019\/04\/Singer-Laren-buitenaanzicht-250x167.jpg 250w, https:\/\/www.dyflexis.com\/nl\/wp-content\/uploads\/2019\/04\/Singer-Laren-buitenaanzicht-380x253.jpg 380w, https:\/\/www.dyflexis.com\/nl\/wp-content\/uploads\/2019\/04\/Singer-Laren-buitenaanzicht-450x300.jpg 450w, https:\/\/www.dyflexis.com\/nl\/wp-content\/uploads\/2019\/04\/Singer-Laren-buitenaanzicht-817x544.jpg 817w, https:\/\/www.dyflexis.com\/nl\/wp-content\/uploads\/2019\/04\/Singer-Laren-buitenaanzicht-165x110.jpg 165w, https:\/\/www.dyflexis.com\/nl\/wp-content\/uploads\/2019\/04\/Singer-Laren-buitenaanzicht-285x190.jpg 285w, https:\/\/www.dyflexis.com\/nl\/wp-content\/uploads\/2019\/04\/Singer-Laren-buitenaanzicht-725x483.jpg 725w\" sizes=\"auto, (max-width: 1024px) 100vw, 1024px\" \/><figcaption class=\"wp-element-caption\"><em><em><em>Het vernieuwde Singer Laren is modern en veelzijdig<\/em><\/em><\/em><\/figcaption><\/figure>\n<\/div>\n\n\n\n<div class=\"wp-block-column is-vertically-aligned-center spacer-column column-9 is-layout-flow wp-block-column-is-layout-flow\" style=\"flex-basis:9%\"><\/div>\n\n\n\n<div class=\"wp-block-column is-vertically-aligned-center column-50 is-layout-flow wp-block-column-is-layout-flow\" style=\"flex-basis:50%\">\n\n<div class=\"text-block vertical-grow-allowed tw-flex tw-flex-col tw-gap-5 md:tw-gap-10  \">\n\t\t\t<div class=\"text-block__title-wrapper tw-flex tw-flex-col tw-items-start md:tw-flex-row tw-flex-wrap md:tw-items-center tw-justify-between tw-gap-4\">\n\t\t\t\t\t\t\t<h2 class=\" tw-m-0\">\n\t\t\t\t\t\t\t\t\t\tSamen sterker en strategischer \t\t\t\t<\/h2>\n\t\t\t\n\t\t\t\t\t<\/div>\n\t\n\t\t\t<div class=\"text-block__content wysiwyg__content\">\n\t\t\t<div class=\"wysiwyg__content\"><p><span data-contrast=\"none\">\u201cIn 2022 waren we klaar met alle verbouwingen. We zijn echt trots op het eindresultaat: we hebben het samen gedaan. Door deze letterlijke uitbreiding van onze organisatie hadden we ook meer collega\u2019s nodig: Nieuwe beveiligers, kassamensen en een extra conservator voor de collectie van Els Blokker.\u201d<\/span><span data-ccp-props=\"{&quot;201341983&quot;:0,&quot;335559739&quot;:160,&quot;335559740&quot;:276}\">\u00a0<\/span><\/p>\n<p><span data-contrast=\"none\">\u00a0<\/span><b><span data-contrast=\"none\">\u201c<\/span><\/b><span data-contrast=\"none\">Dyflexis maakte deze groei makkelijk en versterkt onze saamhorigheid. Via het systeem sturen we een welkomstmail naar nieuwe collega\u2019s. Iedereen maakt met elkaar online kennis via het smoelenboek op de homepage. Zo blijven we een hechte club collega\u2019s.\u201d<\/span><span data-ccp-props=\"{&quot;201341983&quot;:0,&quot;335559739&quot;:160,&quot;335559740&quot;:276}\">\u00a0<\/span><\/p>\n<\/div>\t\t<\/div>\n\t\t\n\t<\/div><\/div>\n<\/div>\n\n<\/div>\n\t<\/div>\n\n    <\/div>\n\n\n\n<div class=\"block__background  container-padding-mobile lg:container-padding-desktop break-container-padding tw-relative tw-bg-transparent tw-pt-[40px] tw-pb-[40px] tw-bg-cover tw-bg-no-repeat 3xl:!tw-bg-none\" style=\"\">\n\t\n\t\n\t<div class=\"block__background__content tw-w-full tw-mx-auto tw-max-w-[1352px] tw-relative tw-z-10\">\n\t\t<div class=\"block__background__columns__container tw-flex tw-flex-col tw-flex tw-flex-col tw-gap-[40px] lg:tw-gap-[80px]\">\n\n<div class=\"wp-block-columns layout-asymmetric-right-left is-layout-flex wp-container-core-columns-is-layout-9d6595d7 wp-block-columns-is-layout-flex\">\n<div class=\"wp-block-column is-vertically-aligned-center column-50 is-layout-flow wp-block-column-is-layout-flow\" style=\"flex-basis:50%\">\n\n<div class=\"text-block vertical-grow-allowed tw-flex tw-flex-col tw-gap-5 md:tw-gap-10  \">\n\t\n\t\t\t<div class=\"text-block__content wysiwyg__content\">\n\t\t\t<div class=\"wysiwyg__content\"><p><span data-contrast=\"none\">\u201cNa alle hectiek van de verbouwingen en Corona lockdowns, hou ik me nu vooral bezig met onze groei voor 2023. Hoe garandeer ik onze bezoekers de beste beleving? Hoe zorg ik ervoor dat al mijn collega\u2019s met plezier blijven werken? Hoe haal ik het beste uit mijn workforce? Dyflexis is hierin een enorme aanvulling. Door de handige\u00a0<a href=\"https:\/\/www.dyflexis.com\/nl\/workforce-management\/rapportages-en-dashboards\/\">rapportages<\/a>\u00a0en analyses heb ik het inzicht dat we juist minder verkopen in de museumwinkel als het erg druk is. Dat komt omdat het er dan erg vol is en er lange rijen bij de kassa staan. Door effici\u00ebnter te plannen, verdelen we de drukte. Dit cre\u00ebert rust voor zowel de bezoeker als voor mijn collega\u2019s. Dit soort inzichten krijg je pas zodra je de productiviteit per afdeling afzet tegenover de omzet.\u201d<\/span><span data-ccp-props=\"{&quot;201341983&quot;:0,&quot;335559739&quot;:160,&quot;335559740&quot;:276}\">\u00a0<\/span><\/p>\n<p><span data-contrast=\"none\">\u201cMijn volgende stap in\u00a0<a href=\"https:\/\/www.dyflexis.com\/nl\/workforce-management\/\">Workforce Management<\/a>\u00a0is om alle processen te stroomlijnen. Zo maak ik werkroosters op basis van weersvoorspellingen. Als het mooi weer is, zijn er namelijk meer bezoekers in de beeldentuin. Onze horeca afdelingen maken dankbaar gebruik van Dyflexis managementtool om hun budgetten te beheren. Als we een nieuwe tentoonstellingen openen, ontvangen we ook meer gasten. Dan hebben we meer mensen op de vloer nodig om voor iedereen het bezoek zo leuk mogelijk te maken. Deze inzichten gebruik ik voor het maken van strategische personeelsplanningen. Zo blijven we ons als organisatie continue ontwikkelen en verbeteren. Kunstliefhebbers plukken hier de vruchten van: iedere keer als zij Singer Laren bezoeken, hebben zij een unieke en onvergetelijke ervaring.\u201d<\/span><span data-ccp-props=\"{&quot;201341983&quot;:0,&quot;335559739&quot;:160,&quot;335559740&quot;:276}\">\u00a0<\/span><\/p>\n<\/div>\t\t<\/div>\n\t\t\n\t<\/div><\/div>\n\n\n\n<div class=\"wp-block-column is-vertically-aligned-center spacer-column column-9 is-layout-flow wp-block-column-is-layout-flow\" style=\"flex-basis:9%\"><\/div>\n\n\n\n<div class=\"wp-block-column is-vertically-aligned-center column-41 is-layout-flow wp-block-column-is-layout-flow column--has-image\" style=\"flex-basis:41%\">\n<figure class=\"wp-block-image size-large is-style-rounded-corners is-style-rounded-corners--4\"><img loading=\"lazy\" decoding=\"async\" width=\"1024\" height=\"683\" src=\"https:\/\/www.dyflexis.com\/wp-content\/uploads\/2019\/04\/Aline-Dooijewaard-en-collegas-bij-Singer-Laren-2-1024x683.jpg\" alt=\"\" class=\"wp-image-23122\" srcset=\"https:\/\/www.dyflexis.com\/nl\/wp-content\/uploads\/2019\/04\/Aline-Dooijewaard-en-collegas-bij-Singer-Laren-2-1024x683.jpg 1024w, https:\/\/www.dyflexis.com\/nl\/wp-content\/uploads\/2019\/04\/Aline-Dooijewaard-en-collegas-bij-Singer-Laren-2-415x277.jpg 415w, https:\/\/www.dyflexis.com\/nl\/wp-content\/uploads\/2019\/04\/Aline-Dooijewaard-en-collegas-bij-Singer-Laren-2-50x33.jpg 50w, https:\/\/www.dyflexis.com\/nl\/wp-content\/uploads\/2019\/04\/Aline-Dooijewaard-en-collegas-bij-Singer-Laren-2-40x27.jpg 40w, https:\/\/www.dyflexis.com\/nl\/wp-content\/uploads\/2019\/04\/Aline-Dooijewaard-en-collegas-bij-Singer-Laren-2-300x200.jpg 300w, https:\/\/www.dyflexis.com\/nl\/wp-content\/uploads\/2019\/04\/Aline-Dooijewaard-en-collegas-bij-Singer-Laren-2-768x512.jpg 768w, https:\/\/www.dyflexis.com\/nl\/wp-content\/uploads\/2019\/04\/Aline-Dooijewaard-en-collegas-bij-Singer-Laren-2-1536x1024.jpg 1536w, https:\/\/www.dyflexis.com\/nl\/wp-content\/uploads\/2019\/04\/Aline-Dooijewaard-en-collegas-bij-Singer-Laren-2-1920x1280.jpg 1920w, https:\/\/www.dyflexis.com\/nl\/wp-content\/uploads\/2019\/04\/Aline-Dooijewaard-en-collegas-bij-Singer-Laren-2-1350x900.jpg 1350w, https:\/\/www.dyflexis.com\/nl\/wp-content\/uploads\/2019\/04\/Aline-Dooijewaard-en-collegas-bij-Singer-Laren-2-640x427.jpg 640w, https:\/\/www.dyflexis.com\/nl\/wp-content\/uploads\/2019\/04\/Aline-Dooijewaard-en-collegas-bij-Singer-Laren-2-164x109.jpg 164w, https:\/\/www.dyflexis.com\/nl\/wp-content\/uploads\/2019\/04\/Aline-Dooijewaard-en-collegas-bij-Singer-Laren-2-746x497.jpg 746w, https:\/\/www.dyflexis.com\/nl\/wp-content\/uploads\/2019\/04\/Aline-Dooijewaard-en-collegas-bij-Singer-Laren-2-950x633.jpg 950w, https:\/\/www.dyflexis.com\/nl\/wp-content\/uploads\/2019\/04\/Aline-Dooijewaard-en-collegas-bij-Singer-Laren-2-1016x677.jpg 1016w, https:\/\/www.dyflexis.com\/nl\/wp-content\/uploads\/2019\/04\/Aline-Dooijewaard-en-collegas-bij-Singer-Laren-2-250x167.jpg 250w, https:\/\/www.dyflexis.com\/nl\/wp-content\/uploads\/2019\/04\/Aline-Dooijewaard-en-collegas-bij-Singer-Laren-2-380x253.jpg 380w, https:\/\/www.dyflexis.com\/nl\/wp-content\/uploads\/2019\/04\/Aline-Dooijewaard-en-collegas-bij-Singer-Laren-2-450x300.jpg 450w, https:\/\/www.dyflexis.com\/nl\/wp-content\/uploads\/2019\/04\/Aline-Dooijewaard-en-collegas-bij-Singer-Laren-2-817x545.jpg 817w, https:\/\/www.dyflexis.com\/nl\/wp-content\/uploads\/2019\/04\/Aline-Dooijewaard-en-collegas-bij-Singer-Laren-2-165x110.jpg 165w, https:\/\/www.dyflexis.com\/nl\/wp-content\/uploads\/2019\/04\/Aline-Dooijewaard-en-collegas-bij-Singer-Laren-2-285x190.jpg 285w, https:\/\/www.dyflexis.com\/nl\/wp-content\/uploads\/2019\/04\/Aline-Dooijewaard-en-collegas-bij-Singer-Laren-2-725x483.jpg 725w, https:\/\/www.dyflexis.com\/nl\/wp-content\/uploads\/2019\/04\/Aline-Dooijewaard-en-collegas-bij-Singer-Laren-2.jpg 2048w\" sizes=\"auto, (max-width: 1024px) 100vw, 1024px\" \/><figcaption class=\"wp-element-caption\"><em>Aline Dooijewaard bij Singer Laren<\/em><\/figcaption><\/figure>\n<\/div>\n<\/div>\n\n<\/div>\n\t<\/div>\n\n    <\/div>\n\n\n\n<div class=\"block__background  container-padding-mobile lg:container-padding-desktop break-container-padding tw-relative tw-bg-transparent tw-pt-[40px] tw-pb-[80px] tw-bg-cover tw-bg-no-repeat 3xl:!tw-bg-none\" style=\"\">\n\t\n\t\n\t<div class=\"block__background__content tw-w-full tw-mx-auto tw-max-w-[1352px] tw-relative tw-z-10\">\n\t\t<div class=\"block__background__columns__container tw-flex tw-flex-col tw-flex tw-flex-col tw-gap-[40px] lg:tw-gap-[80px]\">\n\n<div class=\"wp-block-columns layout-two-columns is-layout-flex wp-container-core-columns-is-layout-9d6595d7 wp-block-columns-is-layout-flex\">\n<div class=\"wp-block-column is-vertically-aligned-center column-50 is-layout-flow wp-block-column-is-layout-flow column--has-image\">\n<figure class=\"wp-block-image size-full is-resized\"><img loading=\"lazy\" decoding=\"async\" width=\"382\" height=\"382\" src=\"https:\/\/www.dyflexis.com\/wp-content\/uploads\/2019\/04\/Singer_Laren_logo_groot.jpg\" alt=\"\" class=\"wp-image-18882\" style=\"width:auto;height:250px\" srcset=\"https:\/\/www.dyflexis.com\/nl\/wp-content\/uploads\/2019\/04\/Singer_Laren_logo_groot.jpg 382w, https:\/\/www.dyflexis.com\/nl\/wp-content\/uploads\/2019\/04\/Singer_Laren_logo_groot-33x33.jpg 33w, https:\/\/www.dyflexis.com\/nl\/wp-content\/uploads\/2019\/04\/Singer_Laren_logo_groot-40x40.jpg 40w, https:\/\/www.dyflexis.com\/nl\/wp-content\/uploads\/2019\/04\/Singer_Laren_logo_groot-150x150.jpg 150w, https:\/\/www.dyflexis.com\/nl\/wp-content\/uploads\/2019\/04\/Singer_Laren_logo_groot-300x300.jpg 300w, https:\/\/www.dyflexis.com\/nl\/wp-content\/uploads\/2019\/04\/Singer_Laren_logo_groot-109x109.jpg 109w, https:\/\/www.dyflexis.com\/nl\/wp-content\/uploads\/2019\/04\/Singer_Laren_logo_groot-250x250.jpg 250w, https:\/\/www.dyflexis.com\/nl\/wp-content\/uploads\/2019\/04\/Singer_Laren_logo_groot-380x380.jpg 380w\" sizes=\"auto, (max-width: 382px) 100vw, 382px\" \/><\/figure>\n<\/div>\n\n\n\n<div class=\"wp-block-column is-vertically-aligned-center column-50 is-layout-flow wp-block-column-is-layout-flow\">\n\n<div class=\"text-block vertical-grow-allowed tw-flex tw-flex-col tw-gap-5 md:tw-gap-10  \">\n\t\n\t\t\t<div class=\"text-block__content wysiwyg__content\">\n\t\t\t<div class=\"wysiwyg__content\"><p>Museum, theater, restaurant, beeldentuin en kunst historisch centrum &#8211; <a href=\"https:\/\/www.singerlaren.nl\/en\" target=\"_blank\" rel=\"noopener\">Singer Laren<\/a><\/p>\n<\/div>\t\t<\/div>\n\t\t\n\t<\/div><\/div>\n<\/div>\n\n<\/div>\n\t<\/div>\n\n    <\/div>\n","protected":false},"featured_media":23121,"template":"","meta":{"_acf_changed":true,"inline_featured_image":false,"editor_notices":[]},"ww_customer_reviews_categories":[104],"class_list":["post-26251","ww_customer_reviews","type-ww_customer_reviews","status-publish","has-post-thumbnail","hentry"],"acf":[],"yoast_head":"<title>Bij moderne kunst hoort een moderne werkwijze | Dyflexis<\/title>\n<meta name=\"description\" content=\"Singer Laren is een creatieve duizendpoot. Hoe hou je als veelzijdige organisatie alle ballen in de lucht? Met Dyflexis krijg je het voor elkaar!\u00a0\" \/>\n<meta name=\"robots\" content=\"index, follow, max-snippet:-1, max-image-preview:large, max-video-preview:-1\" \/>\n<link rel=\"canonical\" href=\"https:\/\/www.dyflexis.com\/nl\/reviews\/singer-laren\/\" \/>\n<meta property=\"og:locale\" content=\"nl_NL\" \/>\n<meta property=\"og:type\" content=\"article\" \/>\n<meta property=\"og:title\" content=\"Bij moderne kunst hoort een moderne werkwijze | Dyflexis\" \/>\n<meta property=\"og:description\" content=\"Singer Laren is een creatieve duizendpoot. Hoe hou je als veelzijdige organisatie alle ballen in de lucht? Met Dyflexis krijg je het voor elkaar!\u00a0\" \/>\n<meta property=\"og:url\" content=\"https:\/\/www.dyflexis.com\/nl\/reviews\/singer-laren\/\" \/>\n<meta property=\"og:site_name\" content=\"Dyflexis (NL)\" \/>\n<meta property=\"article:publisher\" content=\"https:\/\/www.facebook.com\/dyflexis\/\" \/>\n<meta property=\"article:modified_time\" content=\"2026-03-06T15:41:51+00:00\" \/>\n<meta name=\"twitter:card\" content=\"summary_large_image\" \/>\n<meta name=\"twitter:label1\" content=\"Geschatte leestijd\" \/>\n\t<meta name=\"twitter:data1\" content=\"2 minuten\" \/>\n<script type=\"application\/ld+json\" class=\"yoast-schema-graph\">{\"@context\":\"https:\/\/schema.org\",\"@graph\":[{\"@type\":\"WebPage\",\"@id\":\"https:\/\/www.dyflexis.com\/nl\/reviews\/singer-laren\/\",\"url\":\"https:\/\/www.dyflexis.com\/nl\/reviews\/singer-laren\/\",\"name\":\"Bij moderne kunst hoort een moderne werkwijze | Dyflexis\",\"isPartOf\":{\"@id\":\"https:\/\/www.dyflexis.com\/nl\/#website\"},\"primaryImageOfPage\":{\"@id\":\"https:\/\/www.dyflexis.com\/nl\/reviews\/singer-laren\/#primaryimage\"},\"image\":{\"@id\":\"https:\/\/www.dyflexis.com\/nl\/reviews\/singer-laren\/#primaryimage\"},\"thumbnailUrl\":\"https:\/\/www.dyflexis.com\/nl\/wp-content\/uploads\/2019\/04\/Aline-Dooijewaard-en-collegas-bij-Singer-Laren-1.jpg\",\"datePublished\":\"2023-03-31T08:39:34+00:00\",\"dateModified\":\"2026-03-06T15:41:51+00:00\",\"description\":\"Singer Laren is een creatieve duizendpoot. Hoe hou je als veelzijdige organisatie alle ballen in de lucht? Met Dyflexis krijg je het voor elkaar!\u00a0\",\"breadcrumb\":{\"@id\":\"https:\/\/www.dyflexis.com\/nl\/reviews\/singer-laren\/#breadcrumb\"},\"inLanguage\":\"nl-NL\",\"potentialAction\":[{\"@type\":\"ReadAction\",\"target\":[\"https:\/\/www.dyflexis.com\/nl\/reviews\/singer-laren\/\"]}]},{\"@type\":\"ImageObject\",\"inLanguage\":\"nl-NL\",\"@id\":\"https:\/\/www.dyflexis.com\/nl\/reviews\/singer-laren\/#primaryimage\",\"url\":\"https:\/\/www.dyflexis.com\/nl\/wp-content\/uploads\/2019\/04\/Aline-Dooijewaard-en-collegas-bij-Singer-Laren-1.jpg\",\"contentUrl\":\"https:\/\/www.dyflexis.com\/nl\/wp-content\/uploads\/2019\/04\/Aline-Dooijewaard-en-collegas-bij-Singer-Laren-1.jpg\"},{\"@type\":\"BreadcrumbList\",\"@id\":\"https:\/\/www.dyflexis.com\/nl\/reviews\/singer-laren\/#breadcrumb\",\"itemListElement\":[{\"@type\":\"ListItem\",\"position\":1,\"name\":\"Home\",\"item\":\"https:\/\/www.dyflexis.com\/nl\/\"},{\"@type\":\"ListItem\",\"position\":2,\"name\":\"Bij moderne kunst hoort een moderne werkwijze\"}]},{\"@type\":\"WebSite\",\"@id\":\"https:\/\/www.dyflexis.com\/nl\/#website\",\"url\":\"https:\/\/www.dyflexis.com\/nl\/\",\"name\":\"Dyflexis\",\"description\":\"Dyflexis Workforce Management |  Bigger Together | Kom in contact\",\"publisher\":{\"@id\":\"https:\/\/www.dyflexis.com\/nl\/#organization\"},\"alternateName\":\"Dyflexis Workforce Management\",\"potentialAction\":[{\"@type\":\"SearchAction\",\"target\":{\"@type\":\"EntryPoint\",\"urlTemplate\":\"https:\/\/www.dyflexis.com\/nl\/?s={search_term_string}\"},\"query-input\":{\"@type\":\"PropertyValueSpecification\",\"valueRequired\":true,\"valueName\":\"search_term_string\"}}],\"inLanguage\":\"nl-NL\"},{\"@type\":\"Organization\",\"@id\":\"https:\/\/www.dyflexis.com\/nl\/#organization\",\"name\":\"Dyflexis\",\"url\":\"https:\/\/www.dyflexis.com\/nl\/\",\"logo\":{\"@type\":\"ImageObject\",\"inLanguage\":\"nl-NL\",\"@id\":\"https:\/\/www.dyflexis.com\/nl\/#\/schema\/logo\/image\/\",\"url\":\"https:\/\/www.dyflexis.com\/nl\/wp-content\/uploads\/2026\/03\/LinkedIn-Company-Logo.jpg\",\"contentUrl\":\"https:\/\/www.dyflexis.com\/nl\/wp-content\/uploads\/2026\/03\/LinkedIn-Company-Logo.jpg\",\"width\":300,\"height\":300,\"caption\":\"Dyflexis\"},\"image\":{\"@id\":\"https:\/\/www.dyflexis.com\/nl\/#\/schema\/logo\/image\/\"},\"sameAs\":[\"https:\/\/www.facebook.com\/dyflexis\/\",\"https:\/\/www.instagram.com\/dyflexis\/\",\"https:\/\/nl.linkedin.com\/company\/dyflexis\",\"https:\/\/www.youtube.com\/channel\/UCLwLxXmaj9J6wcFhU2T7snw\"]}]}<\/script>","yoast_head_json":{"title":"Bij moderne kunst hoort een moderne werkwijze | Dyflexis","description":"Singer Laren is een creatieve duizendpoot. Hoe hou je als veelzijdige organisatie alle ballen in de lucht? Met Dyflexis krijg je het voor elkaar!\u00a0","robots":{"index":"index","follow":"follow","max-snippet":"max-snippet:-1","max-image-preview":"max-image-preview:large","max-video-preview":"max-video-preview:-1"},"canonical":"https:\/\/www.dyflexis.com\/nl\/reviews\/singer-laren\/","og_locale":"nl_NL","og_type":"article","og_title":"Bij moderne kunst hoort een moderne werkwijze | Dyflexis","og_description":"Singer Laren is een creatieve duizendpoot. Hoe hou je als veelzijdige organisatie alle ballen in de lucht? Met Dyflexis krijg je het voor elkaar!\u00a0","og_url":"https:\/\/www.dyflexis.com\/nl\/reviews\/singer-laren\/","og_site_name":"Dyflexis (NL)","article_publisher":"https:\/\/www.facebook.com\/dyflexis\/","article_modified_time":"2026-03-06T15:41:51+00:00","twitter_card":"summary_large_image","twitter_misc":{"Geschatte leestijd":"2 minuten"},"schema":{"@context":"https:\/\/schema.org","@graph":[{"@type":"WebPage","@id":"https:\/\/www.dyflexis.com\/nl\/reviews\/singer-laren\/","url":"https:\/\/www.dyflexis.com\/nl\/reviews\/singer-laren\/","name":"Bij moderne kunst hoort een moderne werkwijze | Dyflexis","isPartOf":{"@id":"https:\/\/www.dyflexis.com\/nl\/#website"},"primaryImageOfPage":{"@id":"https:\/\/www.dyflexis.com\/nl\/reviews\/singer-laren\/#primaryimage"},"image":{"@id":"https:\/\/www.dyflexis.com\/nl\/reviews\/singer-laren\/#primaryimage"},"thumbnailUrl":"https:\/\/www.dyflexis.com\/nl\/wp-content\/uploads\/2019\/04\/Aline-Dooijewaard-en-collegas-bij-Singer-Laren-1.jpg","datePublished":"2023-03-31T08:39:34+00:00","dateModified":"2026-03-06T15:41:51+00:00","description":"Singer Laren is een creatieve duizendpoot. Hoe hou je als veelzijdige organisatie alle ballen in de lucht? Met Dyflexis krijg je het voor elkaar!\u00a0","breadcrumb":{"@id":"https:\/\/www.dyflexis.com\/nl\/reviews\/singer-laren\/#breadcrumb"},"inLanguage":"nl-NL","potentialAction":[{"@type":"ReadAction","target":["https:\/\/www.dyflexis.com\/nl\/reviews\/singer-laren\/"]}]},{"@type":"ImageObject","inLanguage":"nl-NL","@id":"https:\/\/www.dyflexis.com\/nl\/reviews\/singer-laren\/#primaryimage","url":"https:\/\/www.dyflexis.com\/nl\/wp-content\/uploads\/2019\/04\/Aline-Dooijewaard-en-collegas-bij-Singer-Laren-1.jpg","contentUrl":"https:\/\/www.dyflexis.com\/nl\/wp-content\/uploads\/2019\/04\/Aline-Dooijewaard-en-collegas-bij-Singer-Laren-1.jpg"},{"@type":"BreadcrumbList","@id":"https:\/\/www.dyflexis.com\/nl\/reviews\/singer-laren\/#breadcrumb","itemListElement":[{"@type":"ListItem","position":1,"name":"Home","item":"https:\/\/www.dyflexis.com\/nl\/"},{"@type":"ListItem","position":2,"name":"Bij moderne kunst hoort een moderne werkwijze"}]},{"@type":"WebSite","@id":"https:\/\/www.dyflexis.com\/nl\/#website","url":"https:\/\/www.dyflexis.com\/nl\/","name":"Dyflexis","description":"Dyflexis Workforce Management |  Bigger Together | Kom in contact","publisher":{"@id":"https:\/\/www.dyflexis.com\/nl\/#organization"},"alternateName":"Dyflexis Workforce Management","potentialAction":[{"@type":"SearchAction","target":{"@type":"EntryPoint","urlTemplate":"https:\/\/www.dyflexis.com\/nl\/?s={search_term_string}"},"query-input":{"@type":"PropertyValueSpecification","valueRequired":true,"valueName":"search_term_string"}}],"inLanguage":"nl-NL"},{"@type":"Organization","@id":"https:\/\/www.dyflexis.com\/nl\/#organization","name":"Dyflexis","url":"https:\/\/www.dyflexis.com\/nl\/","logo":{"@type":"ImageObject","inLanguage":"nl-NL","@id":"https:\/\/www.dyflexis.com\/nl\/#\/schema\/logo\/image\/","url":"https:\/\/www.dyflexis.com\/nl\/wp-content\/uploads\/2026\/03\/LinkedIn-Company-Logo.jpg","contentUrl":"https:\/\/www.dyflexis.com\/nl\/wp-content\/uploads\/2026\/03\/LinkedIn-Company-Logo.jpg","width":300,"height":300,"caption":"Dyflexis"},"image":{"@id":"https:\/\/www.dyflexis.com\/nl\/#\/schema\/logo\/image\/"},"sameAs":["https:\/\/www.facebook.com\/dyflexis\/","https:\/\/www.instagram.com\/dyflexis\/","https:\/\/nl.linkedin.com\/company\/dyflexis","https:\/\/www.youtube.com\/channel\/UCLwLxXmaj9J6wcFhU2T7snw"]}]}},"_links":{"self":[{"href":"https:\/\/www.dyflexis.com\/nl\/wp-json\/wp\/v2\/ww_customer_reviews\/26251","targetHints":{"allow":["GET"]}}],"collection":[{"href":"https:\/\/www.dyflexis.com\/nl\/wp-json\/wp\/v2\/ww_customer_reviews"}],"about":[{"href":"https:\/\/www.dyflexis.com\/nl\/wp-json\/wp\/v2\/types\/ww_customer_reviews"}],"wp:featuredmedia":[{"embeddable":true,"href":"https:\/\/www.dyflexis.com\/nl\/wp-json\/"}],"wp:attachment":[{"href":"https:\/\/www.dyflexis.com\/nl\/wp-json\/wp\/v2\/media?parent=26251"}],"wp:term":[{"taxonomy":"ww_customer_reviews_categories","embeddable":true,"href":"https:\/\/www.dyflexis.com\/nl\/wp-json\/wp\/v2\/ww_customer_reviews_categories?post=26251"}],"curies":[{"name":"wp","href":"https:\/\/api.w.org\/{rel}","templated":true}]}}