{"id":22425,"date":"2024-01-10T11:25:37","date_gmt":"2024-01-10T10:25:37","guid":{"rendered":"https:\/\/www.dyflexis.com\/de\/?post_type=ww_customer_reviews&#038;p=22425"},"modified":"2026-03-24T15:17:13","modified_gmt":"2026-03-24T14:17:13","slug":"modexpress","status":"publish","type":"ww_customer_reviews","link":"https:\/\/www.dyflexis.com\/de\/reviews\/modexpress\/","title":{"rendered":"Aufwand f\u00fcr Dienstplanung halbiert: So spart Logistikspezialist Modexpress Personalkosten mit Dyflexis"},"content":{"rendered":"\n<div class=\"block__background  container-padding-mobile lg:container-padding-desktop break-container-padding tw-relative tw-bg-transparent tw-pt-[80px] tw-pb-[80px] tw-bg-cover tw-bg-no-repeat 3xl:!tw-bg-none\" style=\"\">\n\t\n\t\n\t<div class=\"block__background__content tw-w-full tw-mx-auto tw-max-w-[1352px] tw-relative tw-z-10\">\n\t\t<div class=\"block__background__columns__container tw-flex tw-flex-col tw-flex tw-flex-col tw-gap-[80px] lg:tw-gap-[160px]\">\n\n\n<div class=\"text-block vertical-grow-allowed tw-flex tw-flex-col tw-gap-5 md:tw-gap-10  \">\n\t\n\t\t\t<div class=\"text-block__content wysiwyg__content\">\n\t\t\t<div class=\"wysiwyg__content\"><p><strong>Modexpress bewegt Mode. 500 Mitarbeitende an sechs Standorten empfangen, lagern und versenden Waren f\u00fcr internationale Fashion- und Lifestyle-Marken. Gro\u00dfe Namen wie Suitsupply und Scapino vertrauen dem Supply-Chain-Spezialisten. Aber auch kleine und mittelst\u00e4ndische Unternehmen, die ihre Logistikprozesse auslagern oder ihr Gesch\u00e4ft ausbauen wollen, geh\u00f6ren zum Kundenstamm. Wie gelingt es Modexpress bei wachsender Nachfrage und steigenden Kundenanforderungen digital Schritt zu halten? Dar\u00fcber sprechen wir mit Pieter van der Vorst, HR-Manager bei Modexpress.<\/strong><\/p>\n<h2><strong>Service und Engagement<\/strong><\/h2>\n<p>1996 unter dem Namen Fashion Wheels gegr\u00fcndet, betreut Modexpress heute rund 150 Kunden weltweit, davon rund 80 Prozent aus Einzelhandel und E-Commerce. \u201eWir wollen verl\u00e4ssliche Partner f\u00fcr anspruchsvolle Kunden sein und setzen stark auf Digitalisierung\u201c, erkl\u00e4rt Pieter van der Vorst. Im niederl\u00e4ndischen Helmond baut Modexpress daher gerade ein weitgehend automatisiertes Lager.<\/p>\n<p>\u201eDie Paketzustellung wird immer schneller, deshalb automatisieren wir so viel wie m\u00f6glich, behalten aber bewusst auch den pers\u00f6nlichen Service durch unsere Mitarbeitenden bei.\u201c Ein weiteres Markenzeichen von Modeexpress? Der Transport h\u00e4ngender Kleidung in speziell ausger\u00fcsteten Lkw, erg\u00e4nzt durch Services wie Textilreinigung oder Etikettierung. \u201eDas leistet au\u00dfer uns kaum jemand\u201c, so Van der Vorst.<\/p>\n<p>&nbsp;<\/p>\n<blockquote>\n<p style=\"text-align: center;\"><span class=\"txt--sm\"><span style=\"font-weight: 400;\">\u201eSeit wir unser fr\u00fcheres Planungs- und Zeiterfassungssystem durch Dyflexis ersetzt haben, arbeiten wir viel schneller und effizienter.\u201c<\/span><span style=\"font-weight: 400;\"><\/span><\/span><\/p>\n<\/blockquote>\n<p>&nbsp;<\/p>\n<p>&nbsp;<\/p>\n<p><img loading=\"lazy\" decoding=\"async\" class=\"alignnone wp-image-27565 size-large\" src=\"https:\/\/www.dyflexis.com\/de\/wp-content\/uploads\/2025\/10\/m0851-FH4Uo2PYA-unsplash-1024x683.jpg\" alt=\"\" width=\"1024\" height=\"683\" srcset=\"https:\/\/www.dyflexis.com\/de\/wp-content\/uploads\/2025\/10\/m0851-FH4Uo2PYA-unsplash-1024x683.jpg 1024w, https:\/\/www.dyflexis.com\/de\/wp-content\/uploads\/2025\/10\/m0851-FH4Uo2PYA-unsplash-415x277.jpg 415w, https:\/\/www.dyflexis.com\/de\/wp-content\/uploads\/2025\/10\/m0851-FH4Uo2PYA-unsplash-49x33.jpg 49w, https:\/\/www.dyflexis.com\/de\/wp-content\/uploads\/2025\/10\/m0851-FH4Uo2PYA-unsplash-40x27.jpg 40w, https:\/\/www.dyflexis.com\/de\/wp-content\/uploads\/2025\/10\/m0851-FH4Uo2PYA-unsplash-300x200.jpg 300w, https:\/\/www.dyflexis.com\/de\/wp-content\/uploads\/2025\/10\/m0851-FH4Uo2PYA-unsplash-768x513.jpg 768w, https:\/\/www.dyflexis.com\/de\/wp-content\/uploads\/2025\/10\/m0851-FH4Uo2PYA-unsplash-1536x1025.jpg 1536w, https:\/\/www.dyflexis.com\/de\/wp-content\/uploads\/2025\/10\/m0851-FH4Uo2PYA-unsplash-2048x1367.jpg 2048w, https:\/\/www.dyflexis.com\/de\/wp-content\/uploads\/2025\/10\/m0851-FH4Uo2PYA-unsplash-1920x1281.jpg 1920w, https:\/\/www.dyflexis.com\/de\/wp-content\/uploads\/2025\/10\/m0851-FH4Uo2PYA-unsplash-1350x901.jpg 1350w, https:\/\/www.dyflexis.com\/de\/wp-content\/uploads\/2025\/10\/m0851-FH4Uo2PYA-unsplash-640x427.jpg 640w, https:\/\/www.dyflexis.com\/de\/wp-content\/uploads\/2025\/10\/m0851-FH4Uo2PYA-unsplash-163x109.jpg 163w, https:\/\/www.dyflexis.com\/de\/wp-content\/uploads\/2025\/10\/m0851-FH4Uo2PYA-unsplash-746x498.jpg 746w, https:\/\/www.dyflexis.com\/de\/wp-content\/uploads\/2025\/10\/m0851-FH4Uo2PYA-unsplash-950x634.jpg 950w, https:\/\/www.dyflexis.com\/de\/wp-content\/uploads\/2025\/10\/m0851-FH4Uo2PYA-unsplash-1016x678.jpg 1016w, https:\/\/www.dyflexis.com\/de\/wp-content\/uploads\/2025\/10\/m0851-FH4Uo2PYA-unsplash-250x167.jpg 250w, https:\/\/www.dyflexis.com\/de\/wp-content\/uploads\/2025\/10\/m0851-FH4Uo2PYA-unsplash-380x254.jpg 380w, https:\/\/www.dyflexis.com\/de\/wp-content\/uploads\/2025\/10\/m0851-FH4Uo2PYA-unsplash-450x300.jpg 450w, https:\/\/www.dyflexis.com\/de\/wp-content\/uploads\/2025\/10\/m0851-FH4Uo2PYA-unsplash-817x545.jpg 817w, https:\/\/www.dyflexis.com\/de\/wp-content\/uploads\/2025\/10\/m0851-FH4Uo2PYA-unsplash-896x598.jpg 896w, https:\/\/www.dyflexis.com\/de\/wp-content\/uploads\/2025\/10\/m0851-FH4Uo2PYA-unsplash-947x632.jpg 947w, https:\/\/www.dyflexis.com\/de\/wp-content\/uploads\/2025\/10\/m0851-FH4Uo2PYA-unsplash-144x96.jpg 144w, https:\/\/www.dyflexis.com\/de\/wp-content\/uploads\/2025\/10\/m0851-FH4Uo2PYA-unsplash-237x158.jpg 237w, https:\/\/www.dyflexis.com\/de\/wp-content\/uploads\/2025\/10\/m0851-FH4Uo2PYA-unsplash-186x124.jpg 186w, https:\/\/www.dyflexis.com\/de\/wp-content\/uploads\/2025\/10\/m0851-FH4Uo2PYA-unsplash-127x85.jpg 127w, https:\/\/www.dyflexis.com\/de\/wp-content\/uploads\/2025\/10\/m0851-FH4Uo2PYA-unsplash-75x50.jpg 75w\" sizes=\"auto, (max-width: 1024px) 100vw, 1024px\" \/><\/p>\n<p>&nbsp;<\/p>\n<h2><strong>Aufwand f\u00fcr die Dienstplanung? Mit Dyflexis halbiert<\/strong><span style=\"color: #1c5eac;\"><strong><br \/>\n<\/strong><\/span><\/h2>\n<p><span style=\"font-weight: 400;\">Die <\/span><a href=\"https:\/\/www.dyflexis.com\/de\/workforce-management\/personalplanung\/\"><span style=\"font-weight: 400;\">Personalplanung<\/span><\/a><span style=\"font-weight: 400;\"> bei Modexpress ist durchaus komplex: sechs Standorte, 500 Mitarbeitende und 150 Kunden, die exzellenten Service erwarten. \u201eAuftr\u00e4ge kamen fr\u00fcher oft erst kurz vor dem Versand, das machte es schwierig, rechtzeitig die richtige personelle Besetzung zu ermitteln\u201c, erinnert sich HR-Manager Van der Vorst. Sechs Teilzeitplaner mit insgesamt vier Vollzeitstellen waren im Einsatz.<\/span><\/p>\n<p>&nbsp;<\/p>\n<blockquote>\n<p style=\"text-align: center;\"><span class=\"txt--sm\"><span style=\"font-weight: 400;\">\u201eWir haben den Aufwand f\u00fcr die Personalplanung halbiert.\u201c<\/span><span style=\"font-weight: 400;\"><\/span><\/span><\/p>\n<\/blockquote>\n<h2><\/h2>\n<p>&nbsp;<\/p>\n<p><span style=\"font-weight: 400;\">Seit M\u00e4rz 2020 arbeitet das Unternehmen mit Dyflexis und hat den Aufwand f\u00fcr die Personalplanung halbiert. \u201eDie Schichtplanung erledigen heute zwei Teilzeitangestellte mit zusammen 160 Stellenprozenten.\u201c Ein weiteres Plus: Auch Zeitarbeitsfirmen k\u00f6nnen ihre Kr\u00e4fte direkt in Dyflexis eintragen. \u201eSo l\u00e4uft die Schichtplanung f\u00fcr alle Beteiligten deutlich einfacher\u201c, lobt Van der Vorst.<\/span><\/p>\n<h2><\/h2>\n<h2><strong><b>Gut f\u00fcr eine gesunde Work-Life-Balance<\/b><\/strong><\/h2>\n<p><span style=\"font-weight: 400;\">Dyflexis passt hervorragend zur Unternehmenskultur von Modexpress, findet der HR-Manager: \u201eWir legen gro\u00dfen Wert auf eine nachhaltige Besch\u00e4ftigungsf\u00e4higkeit. Jeder soll gerne zur Arbeit kommen und eine gute Work-Life-Balance haben.\u201c Dyflexis <\/span><a href=\"https:\/\/www.dyflexis.com\/de\/workforce-management\/personalleiter\/\"><span style=\"font-weight: 400;\">unterst\u00fctzt die HR<\/span><\/a><span style=\"font-weight: 400;\"> dabei, weil das System automatisch pr\u00fcft, ob gesetzliche Vorgaben eingehalten werden \u2013 etwa zu Pausen oder Ruhezeiten. Mitarbeitende sehen in der App jederzeit ihre geleisteten Stunden, den Resturlaub und den m\u00f6glichen Freizeitausgleich. \u201eSo wissen alle, wo sie stehen. Und wir stellen sicher, dass jeder auch mal durchschnaufen kann.\u201c<\/span><span style=\"font-weight: 400;\"><\/span><\/p>\n<h2><span style=\"color: #1c5eac;\"><strong><img loading=\"lazy\" decoding=\"async\" class=\"aligncenter wp-image-23439 size-large\" src=\"https:\/\/www.dyflexis.com\/de\/wp-content\/uploads\/2023\/10\/Modexpress-7-1024x683.jpg\" alt=\"\" width=\"1024\" height=\"683\" srcset=\"https:\/\/www.dyflexis.com\/de\/wp-content\/uploads\/2023\/10\/Modexpress-7-1024x683.jpg 1024w, https:\/\/www.dyflexis.com\/de\/wp-content\/uploads\/2023\/10\/Modexpress-7-415x277.jpg 415w, https:\/\/www.dyflexis.com\/de\/wp-content\/uploads\/2023\/10\/Modexpress-7-50x33.jpg 50w, https:\/\/www.dyflexis.com\/de\/wp-content\/uploads\/2023\/10\/Modexpress-7-40x27.jpg 40w, https:\/\/www.dyflexis.com\/de\/wp-content\/uploads\/2023\/10\/Modexpress-7-300x200.jpg 300w, https:\/\/www.dyflexis.com\/de\/wp-content\/uploads\/2023\/10\/Modexpress-7-768x512.jpg 768w, https:\/\/www.dyflexis.com\/de\/wp-content\/uploads\/2023\/10\/Modexpress-7-1536x1024.jpg 1536w, https:\/\/www.dyflexis.com\/de\/wp-content\/uploads\/2023\/10\/Modexpress-7-2048x1365.jpg 2048w, https:\/\/www.dyflexis.com\/de\/wp-content\/uploads\/2023\/10\/Modexpress-7-1920x1280.jpg 1920w, https:\/\/www.dyflexis.com\/de\/wp-content\/uploads\/2023\/10\/Modexpress-7-1350x900.jpg 1350w, https:\/\/www.dyflexis.com\/de\/wp-content\/uploads\/2023\/10\/Modexpress-7-640x427.jpg 640w, https:\/\/www.dyflexis.com\/de\/wp-content\/uploads\/2023\/10\/Modexpress-7-164x109.jpg 164w, https:\/\/www.dyflexis.com\/de\/wp-content\/uploads\/2023\/10\/Modexpress-7-746x497.jpg 746w, https:\/\/www.dyflexis.com\/de\/wp-content\/uploads\/2023\/10\/Modexpress-7-950x633.jpg 950w, https:\/\/www.dyflexis.com\/de\/wp-content\/uploads\/2023\/10\/Modexpress-7-1016x677.jpg 1016w, https:\/\/www.dyflexis.com\/de\/wp-content\/uploads\/2023\/10\/Modexpress-7-250x167.jpg 250w, https:\/\/www.dyflexis.com\/de\/wp-content\/uploads\/2023\/10\/Modexpress-7-380x253.jpg 380w, https:\/\/www.dyflexis.com\/de\/wp-content\/uploads\/2023\/10\/Modexpress-7-450x300.jpg 450w, https:\/\/www.dyflexis.com\/de\/wp-content\/uploads\/2023\/10\/Modexpress-7-817x545.jpg 817w, https:\/\/www.dyflexis.com\/de\/wp-content\/uploads\/2023\/10\/Modexpress-7-165x110.jpg 165w, https:\/\/www.dyflexis.com\/de\/wp-content\/uploads\/2023\/10\/Modexpress-7-285x190.jpg 285w, https:\/\/www.dyflexis.com\/de\/wp-content\/uploads\/2023\/10\/Modexpress-7-725x483.jpg 725w\" sizes=\"auto, (max-width: 1024px) 100vw, 1024px\" \/><\/strong><\/span><\/h2>\n<h2><\/h2>\n<h2><strong><b>Mit Dyflexis zu besseren Abl\u00e4ufen<\/b><\/strong><\/h2>\n<p><span style=\"font-weight: 400;\">Auch beim Forecasting hilft Dyflexis: Statt sich wie fr\u00fcher nur auf Erfahrungswerte aus der Vergangenheit zu verlassen, nutzt Modexpress heute die <\/span><a href=\"https:\/\/www.dyflexis.com\/de\/marktplatz\/\"><span style=\"font-weight: 400;\">nahtlose Schnittstelle<\/span><\/a><span style=\"font-weight: 400;\"> zum hauseigenen Business-Intelligence-Tool. Alle verf\u00fcgbaren Informationen aus dem <\/span><a href=\"https:\/\/www.dyflexis.com\/de\/workforce-management\/dashboards-und-berichte\/\"><span style=\"font-weight: 400;\">Tagesbericht<\/span><\/a><span style=\"font-weight: 400;\"> k\u00f6nnen zur Steuerung des Betriebs genutzt werden.\u00a0 \u201eSo k\u00f6nnen wir Personalkosten sparen und Schichten passgenau planen\u201c, erkl\u00e4rt Pieter van der Vorst. \u201eUnd davon profitieren am Ende auch unsere Kunden, weil wir immer gen\u00fcgend Mitarbeitende im Einsatz haben.\u201c<\/span><\/p>\n<p>&nbsp;<\/p>\n<blockquote>\n<p style=\"text-align: center;\"><span style=\"font-weight: 400;\">\u201eSeit wir unser BI-Tool mit Dyflexis verkn\u00fcpft haben, sparen wir Personalkosten, weil wir unsere betriebliche Auslastung viel pr\u00e4ziser vorhersagen k\u00f6nnen.&#8220;<\/span><span style=\"font-weight: 400;\"><br \/>\n<\/span><\/p>\n<\/blockquote>\n<p>&nbsp;<\/p>\n<h2><span style=\"color: #1c5eac;\"><strong><img loading=\"lazy\" decoding=\"async\" class=\"aligncenter wp-image-23438 size-large\" src=\"https:\/\/www.dyflexis.com\/de\/wp-content\/uploads\/2023\/10\/Modexpress-4-1024x683.jpg\" alt=\"\" width=\"1024\" height=\"683\" srcset=\"https:\/\/www.dyflexis.com\/de\/wp-content\/uploads\/2023\/10\/Modexpress-4-1024x683.jpg 1024w, https:\/\/www.dyflexis.com\/de\/wp-content\/uploads\/2023\/10\/Modexpress-4-415x277.jpg 415w, https:\/\/www.dyflexis.com\/de\/wp-content\/uploads\/2023\/10\/Modexpress-4-50x33.jpg 50w, https:\/\/www.dyflexis.com\/de\/wp-content\/uploads\/2023\/10\/Modexpress-4-40x27.jpg 40w, https:\/\/www.dyflexis.com\/de\/wp-content\/uploads\/2023\/10\/Modexpress-4-300x200.jpg 300w, https:\/\/www.dyflexis.com\/de\/wp-content\/uploads\/2023\/10\/Modexpress-4-768x512.jpg 768w, https:\/\/www.dyflexis.com\/de\/wp-content\/uploads\/2023\/10\/Modexpress-4-1536x1024.jpg 1536w, https:\/\/www.dyflexis.com\/de\/wp-content\/uploads\/2023\/10\/Modexpress-4-2048x1365.jpg 2048w, https:\/\/www.dyflexis.com\/de\/wp-content\/uploads\/2023\/10\/Modexpress-4-1920x1280.jpg 1920w, https:\/\/www.dyflexis.com\/de\/wp-content\/uploads\/2023\/10\/Modexpress-4-1350x900.jpg 1350w, https:\/\/www.dyflexis.com\/de\/wp-content\/uploads\/2023\/10\/Modexpress-4-640x427.jpg 640w, https:\/\/www.dyflexis.com\/de\/wp-content\/uploads\/2023\/10\/Modexpress-4-164x109.jpg 164w, https:\/\/www.dyflexis.com\/de\/wp-content\/uploads\/2023\/10\/Modexpress-4-746x497.jpg 746w, https:\/\/www.dyflexis.com\/de\/wp-content\/uploads\/2023\/10\/Modexpress-4-950x633.jpg 950w, https:\/\/www.dyflexis.com\/de\/wp-content\/uploads\/2023\/10\/Modexpress-4-1016x677.jpg 1016w, https:\/\/www.dyflexis.com\/de\/wp-content\/uploads\/2023\/10\/Modexpress-4-250x167.jpg 250w, https:\/\/www.dyflexis.com\/de\/wp-content\/uploads\/2023\/10\/Modexpress-4-380x253.jpg 380w, https:\/\/www.dyflexis.com\/de\/wp-content\/uploads\/2023\/10\/Modexpress-4-450x300.jpg 450w, https:\/\/www.dyflexis.com\/de\/wp-content\/uploads\/2023\/10\/Modexpress-4-817x545.jpg 817w, https:\/\/www.dyflexis.com\/de\/wp-content\/uploads\/2023\/10\/Modexpress-4-165x110.jpg 165w, https:\/\/www.dyflexis.com\/de\/wp-content\/uploads\/2023\/10\/Modexpress-4-285x190.jpg 285w, https:\/\/www.dyflexis.com\/de\/wp-content\/uploads\/2023\/10\/Modexpress-4-725x483.jpg 725w\" sizes=\"auto, (max-width: 1024px) 100vw, 1024px\" \/><\/strong><\/span><\/h2>\n<h2><\/h2>\n<h2><\/h2>\n<h2><strong><b>Fit f\u00fcr die Zukunft<\/b><\/strong><\/h2>\n<p><span style=\"font-weight: 400;\">Der E-Commerce-Sektor w\u00e4chst und Modexpress w\u00e4chst mit. Prozesse werden automatisiert und zentralisiert. \u201eWir b\u00fcndeln zum Beispiel die Bearbeitung von h\u00e4ngender Ware am Hauptsitz. Gleichzeitig richten wir unsere Infrastruktur so ein, dass wir den E-Commerce noch besser bedienen k\u00f6nnen\u201c, so der HR-Manager. Das Ziel: noch effizienter werden und erfolgreich ins Ausland expandieren. \u201eDyflexis unterst\u00fctzt uns dabei enorm. Die <\/span><a href=\"https:\/\/www.dyflexis.com\/de\/workforce-management\/zeiterfassung\/\"><span style=\"font-weight: 400;\">Zeiterfassung<\/span><\/a><span style=\"font-weight: 400;\"> ist effizient und transparent \u2013 nicht nur f\u00fcr uns, sondern auch f\u00fcr unsere Kunden. Sie erhalten nachvollziehbare Nachweise pro T\u00e4tigkeit und damit eine faire Abrechnung. Das passt perfekt zu unserer Strategie, ein transparenter und engagierter Partner zu sein.\u201c<\/span><\/p>\n<\/div>\t\t<\/div>\n\t\t\n\t<\/div>\n<\/div>\n\t<\/div>\n\n    <\/div>\n","protected":false},"featured_media":23435,"template":"","meta":{"_acf_changed":true,"inline_featured_image":false,"editor_notices":[]},"ww_customer_reviews_categories":[60],"class_list":["post-22425","ww_customer_reviews","type-ww_customer_reviews","status-publish","has-post-thumbnail","hentry"],"acf":[],"yoast_head":"<title>So spart Logistikspezialist Modexpress Personalkosten mit Dyflexis<\/title>\n<meta name=\"description\" content=\"Wie gelingt es Modexpress bei wachsender Nachfrage und steigenden Kundenanforderungen digital Schritt zu halten? Dar\u00fcber sprechen wir mit Pieter van der Vorst, HR-Manager bei Modexpress.\" \/>\n<meta name=\"robots\" content=\"index, follow, max-snippet:-1, max-image-preview:large, max-video-preview:-1\" \/>\n<link rel=\"canonical\" href=\"https:\/\/www.dyflexis.com\/de\/reviews\/modexpress\/\" \/>\n<meta property=\"og:locale\" content=\"de_DE\" \/>\n<meta property=\"og:type\" content=\"article\" \/>\n<meta property=\"og:title\" content=\"So spart Logistikspezialist Modexpress Personalkosten mit Dyflexis\" \/>\n<meta property=\"og:description\" content=\"Wie gelingt es Modexpress bei wachsender Nachfrage und steigenden Kundenanforderungen digital Schritt zu halten? Dar\u00fcber sprechen wir mit Pieter van der Vorst, HR-Manager bei Modexpress.\" \/>\n<meta property=\"og:url\" content=\"https:\/\/www.dyflexis.com\/de\/reviews\/modexpress\/\" \/>\n<meta property=\"og:site_name\" content=\"Dyflexis (DE)\" \/>\n<meta property=\"article:modified_time\" content=\"2026-03-24T14:17:13+00:00\" \/>\n<meta name=\"twitter:card\" content=\"summary_large_image\" \/>\n<meta name=\"twitter:label1\" content=\"Gesch\u00e4tzte Lesezeit\" \/>\n\t<meta name=\"twitter:data1\" content=\"1\u00a0Minute\" \/>\n<script type=\"application\/ld+json\" class=\"yoast-schema-graph\">{\"@context\":\"https:\/\/schema.org\",\"@graph\":[{\"@type\":\"WebPage\",\"@id\":\"https:\/\/www.dyflexis.com\/de\/reviews\/modexpress\/\",\"url\":\"https:\/\/www.dyflexis.com\/de\/reviews\/modexpress\/\",\"name\":\"So spart Logistikspezialist Modexpress Personalkosten mit Dyflexis\",\"isPartOf\":{\"@id\":\"https:\/\/www.dyflexis.com\/de\/#website\"},\"primaryImageOfPage\":{\"@id\":\"https:\/\/www.dyflexis.com\/de\/reviews\/modexpress\/#primaryimage\"},\"image\":{\"@id\":\"https:\/\/www.dyflexis.com\/de\/reviews\/modexpress\/#primaryimage\"},\"thumbnailUrl\":\"https:\/\/www.dyflexis.com\/de\/wp-content\/uploads\/2023\/10\/Modexpress-1-e1772062949673.jpg\",\"datePublished\":\"2024-01-10T10:25:37+00:00\",\"dateModified\":\"2026-03-24T14:17:13+00:00\",\"description\":\"Wie gelingt es Modexpress bei wachsender Nachfrage und steigenden Kundenanforderungen digital Schritt zu halten? Dar\u00fcber sprechen wir mit Pieter van der Vorst, HR-Manager bei Modexpress.\",\"breadcrumb\":{\"@id\":\"https:\/\/www.dyflexis.com\/de\/reviews\/modexpress\/#breadcrumb\"},\"inLanguage\":\"de\",\"potentialAction\":[{\"@type\":\"ReadAction\",\"target\":[\"https:\/\/www.dyflexis.com\/de\/reviews\/modexpress\/\"]}]},{\"@type\":\"ImageObject\",\"inLanguage\":\"de\",\"@id\":\"https:\/\/www.dyflexis.com\/de\/reviews\/modexpress\/#primaryimage\",\"url\":\"https:\/\/www.dyflexis.com\/de\/wp-content\/uploads\/2023\/10\/Modexpress-1-e1772062949673.jpg\",\"contentUrl\":\"https:\/\/www.dyflexis.com\/de\/wp-content\/uploads\/2023\/10\/Modexpress-1-e1772062949673.jpg\"},{\"@type\":\"BreadcrumbList\",\"@id\":\"https:\/\/www.dyflexis.com\/de\/reviews\/modexpress\/#breadcrumb\",\"itemListElement\":[{\"@type\":\"ListItem\",\"position\":1,\"name\":\"Home\",\"item\":\"https:\/\/www.dyflexis.com\/de\/\"},{\"@type\":\"ListItem\",\"position\":2,\"name\":\"Aufwand f\u00fcr Dienstplanung halbiert: So spart Logistikspezialist Modexpress Personalkosten mit Dyflexis\"}]},{\"@type\":\"WebSite\",\"@id\":\"https:\/\/www.dyflexis.com\/de\/#website\",\"url\":\"https:\/\/www.dyflexis.com\/de\/\",\"name\":\"Dyflexis\",\"description\":\"Dyflexis Workforce Management | Bigger Together\",\"publisher\":{\"@id\":\"https:\/\/www.dyflexis.com\/de\/#organization\"},\"alternateName\":\"Dyflexis Workforce Management\",\"potentialAction\":[{\"@type\":\"SearchAction\",\"target\":{\"@type\":\"EntryPoint\",\"urlTemplate\":\"https:\/\/www.dyflexis.com\/de\/?s={search_term_string}\"},\"query-input\":{\"@type\":\"PropertyValueSpecification\",\"valueRequired\":true,\"valueName\":\"search_term_string\"}}],\"inLanguage\":\"de\"},{\"@type\":\"Organization\",\"@id\":\"https:\/\/www.dyflexis.com\/de\/#organization\",\"name\":\"Dyflexis\",\"alternateName\":\"Dyflexis Workforce Management\",\"url\":\"https:\/\/www.dyflexis.com\/de\/\",\"logo\":{\"@type\":\"ImageObject\",\"inLanguage\":\"de\",\"@id\":\"https:\/\/www.dyflexis.com\/de\/#\/schema\/logo\/image\/\",\"url\":\"https:\/\/www.dyflexis.com\/de\/wp-content\/uploads\/2026\/03\/LinkedIn-Company-Logo.jpg\",\"contentUrl\":\"https:\/\/www.dyflexis.com\/de\/wp-content\/uploads\/2026\/03\/LinkedIn-Company-Logo.jpg\",\"width\":300,\"height\":300,\"caption\":\"Dyflexis\"},\"image\":{\"@id\":\"https:\/\/www.dyflexis.com\/de\/#\/schema\/logo\/image\/\"}}]}<\/script>","yoast_head_json":{"title":"So spart Logistikspezialist Modexpress Personalkosten mit Dyflexis","description":"Wie gelingt es Modexpress bei wachsender Nachfrage und steigenden Kundenanforderungen digital Schritt zu halten? Dar\u00fcber sprechen wir mit Pieter van der Vorst, HR-Manager bei Modexpress.","robots":{"index":"index","follow":"follow","max-snippet":"max-snippet:-1","max-image-preview":"max-image-preview:large","max-video-preview":"max-video-preview:-1"},"canonical":"https:\/\/www.dyflexis.com\/de\/reviews\/modexpress\/","og_locale":"de_DE","og_type":"article","og_title":"So spart Logistikspezialist Modexpress Personalkosten mit Dyflexis","og_description":"Wie gelingt es Modexpress bei wachsender Nachfrage und steigenden Kundenanforderungen digital Schritt zu halten? Dar\u00fcber sprechen wir mit Pieter van der Vorst, HR-Manager bei Modexpress.","og_url":"https:\/\/www.dyflexis.com\/de\/reviews\/modexpress\/","og_site_name":"Dyflexis (DE)","article_modified_time":"2026-03-24T14:17:13+00:00","twitter_card":"summary_large_image","twitter_misc":{"Gesch\u00e4tzte Lesezeit":"1\u00a0Minute"},"schema":{"@context":"https:\/\/schema.org","@graph":[{"@type":"WebPage","@id":"https:\/\/www.dyflexis.com\/de\/reviews\/modexpress\/","url":"https:\/\/www.dyflexis.com\/de\/reviews\/modexpress\/","name":"So spart Logistikspezialist Modexpress Personalkosten mit Dyflexis","isPartOf":{"@id":"https:\/\/www.dyflexis.com\/de\/#website"},"primaryImageOfPage":{"@id":"https:\/\/www.dyflexis.com\/de\/reviews\/modexpress\/#primaryimage"},"image":{"@id":"https:\/\/www.dyflexis.com\/de\/reviews\/modexpress\/#primaryimage"},"thumbnailUrl":"https:\/\/www.dyflexis.com\/de\/wp-content\/uploads\/2023\/10\/Modexpress-1-e1772062949673.jpg","datePublished":"2024-01-10T10:25:37+00:00","dateModified":"2026-03-24T14:17:13+00:00","description":"Wie gelingt es Modexpress bei wachsender Nachfrage und steigenden Kundenanforderungen digital Schritt zu halten? Dar\u00fcber sprechen wir mit Pieter van der Vorst, HR-Manager bei Modexpress.","breadcrumb":{"@id":"https:\/\/www.dyflexis.com\/de\/reviews\/modexpress\/#breadcrumb"},"inLanguage":"de","potentialAction":[{"@type":"ReadAction","target":["https:\/\/www.dyflexis.com\/de\/reviews\/modexpress\/"]}]},{"@type":"ImageObject","inLanguage":"de","@id":"https:\/\/www.dyflexis.com\/de\/reviews\/modexpress\/#primaryimage","url":"https:\/\/www.dyflexis.com\/de\/wp-content\/uploads\/2023\/10\/Modexpress-1-e1772062949673.jpg","contentUrl":"https:\/\/www.dyflexis.com\/de\/wp-content\/uploads\/2023\/10\/Modexpress-1-e1772062949673.jpg"},{"@type":"BreadcrumbList","@id":"https:\/\/www.dyflexis.com\/de\/reviews\/modexpress\/#breadcrumb","itemListElement":[{"@type":"ListItem","position":1,"name":"Home","item":"https:\/\/www.dyflexis.com\/de\/"},{"@type":"ListItem","position":2,"name":"Aufwand f\u00fcr Dienstplanung halbiert: So spart Logistikspezialist Modexpress Personalkosten mit Dyflexis"}]},{"@type":"WebSite","@id":"https:\/\/www.dyflexis.com\/de\/#website","url":"https:\/\/www.dyflexis.com\/de\/","name":"Dyflexis","description":"Dyflexis Workforce Management | Bigger Together","publisher":{"@id":"https:\/\/www.dyflexis.com\/de\/#organization"},"alternateName":"Dyflexis Workforce Management","potentialAction":[{"@type":"SearchAction","target":{"@type":"EntryPoint","urlTemplate":"https:\/\/www.dyflexis.com\/de\/?s={search_term_string}"},"query-input":{"@type":"PropertyValueSpecification","valueRequired":true,"valueName":"search_term_string"}}],"inLanguage":"de"},{"@type":"Organization","@id":"https:\/\/www.dyflexis.com\/de\/#organization","name":"Dyflexis","alternateName":"Dyflexis Workforce Management","url":"https:\/\/www.dyflexis.com\/de\/","logo":{"@type":"ImageObject","inLanguage":"de","@id":"https:\/\/www.dyflexis.com\/de\/#\/schema\/logo\/image\/","url":"https:\/\/www.dyflexis.com\/de\/wp-content\/uploads\/2026\/03\/LinkedIn-Company-Logo.jpg","contentUrl":"https:\/\/www.dyflexis.com\/de\/wp-content\/uploads\/2026\/03\/LinkedIn-Company-Logo.jpg","width":300,"height":300,"caption":"Dyflexis"},"image":{"@id":"https:\/\/www.dyflexis.com\/de\/#\/schema\/logo\/image\/"}}]}},"_links":{"self":[{"href":"https:\/\/www.dyflexis.com\/de\/wp-json\/wp\/v2\/ww_customer_reviews\/22425","targetHints":{"allow":["GET"]}}],"collection":[{"href":"https:\/\/www.dyflexis.com\/de\/wp-json\/wp\/v2\/ww_customer_reviews"}],"about":[{"href":"https:\/\/www.dyflexis.com\/de\/wp-json\/wp\/v2\/types\/ww_customer_reviews"}],"wp:featuredmedia":[{"embeddable":true,"href":"https:\/\/www.dyflexis.com\/de\/wp-json\/"}],"wp:attachment":[{"href":"https:\/\/www.dyflexis.com\/de\/wp-json\/wp\/v2\/media?parent=22425"}],"wp:term":[{"taxonomy":"ww_customer_reviews_categories","embeddable":true,"href":"https:\/\/www.dyflexis.com\/de\/wp-json\/wp\/v2\/ww_customer_reviews_categories?post=22425"}],"curies":[{"name":"wp","href":"https:\/\/api.w.org\/{rel}","templated":true}]}}