{"id":22292,"date":"2023-10-02T10:29:59","date_gmt":"2023-10-02T08:29:59","guid":{"rendered":"https:\/\/www.dyflexis.com\/de\/?post_type=ww_customer_reviews&#038;p=22292"},"modified":"2026-03-06T16:44:59","modified_gmt":"2026-03-06T15:44:59","slug":"singer-laren","status":"publish","type":"ww_customer_reviews","link":"https:\/\/www.dyflexis.com\/de\/reviews\/singer-laren\/","title":{"rendered":"Moderne Kunst verlangt modernes Arbeiten"},"content":{"rendered":"\n<p><\/p>\n\n\n\n<div class=\"block__background  container-padding-mobile lg:container-padding-desktop break-container-padding tw-relative tw-bg-transparent tw-pt-[80px] tw-pb-[80px] tw-bg-cover tw-bg-no-repeat 3xl:!tw-bg-none\" style=\"\">\n\t\n\t\n\t<div class=\"block__background__content tw-w-full tw-mx-auto tw-max-w-[1352px] tw-relative tw-z-10\">\n\t\t<div class=\"block__background__columns__container tw-flex tw-flex-col tw-flex tw-flex-col tw-gap-[80px] lg:tw-gap-[160px]\">\n\n\n<div class=\"text-block vertical-grow-allowed tw-flex tw-flex-col tw-gap-5 md:tw-gap-10  \">\n\t\n\t\t\t<div class=\"text-block__content wysiwyg__content\">\n\t\t\t<div class=\"wysiwyg__content\"><p><em>Singer Laren ist ein kreatives Kaleidoskop.<\/em><span>\u00a0<\/span><em>Es ist ein Museum, Theater, Restaurant, Skulpturengarten und kunsthistorisches Zentrum.<\/em><span>\u00a0<\/span><em>Wie h\u00e4lt man in einer solch vielseitigen Organisation alle B\u00e4lle in der Luft?<\/em><span>\u00a0<\/span><em>Wie beh\u00e4lt man den \u00dcberblick \u00fcber alle Abteilungen und macht Weiterentwicklung m\u00f6glich?<\/em><span>\u00a0<\/span><em>Mit Liebe zur Kunst, reibungsloser Zusammenarbeit innerhalb der Organisation und der Unterst\u00fctzung eines effektiven Workforce-Management-Systems!<\/em><\/p>\n<h2><span><b>Das ist Singer Laren<\/b>\u00a0<\/span><\/h2>\n<p>Das Singer Laren gibt es bereits seit 1956. Es ist das ehemalige Haus von Anna und William Singer, einem amerikanischen Ehepaar und Kunstliebhabern par excellence. Sie zogen von Paris in das K\u00fcnstlerdorf Laren, um sich ganz ihrer Leidenschaft zu widmen. Hier trugen sie eine sch\u00f6ne Sammlung verschiedener Kunstgattungen zusammen. Nach dem Tod von William machte Anna ihre Sammlung der \u00d6ffentlichkeit zug\u00e4nglich.\u00a0<span><a href=\"https:\/\/www.singerlaren.nl\/nl\/\">Heute ist das Singer Laren ein Kulturzentrum, an dem Kunst, Wirtschaft und Menschen zusammenfinden.<\/a><\/span><\/p>\n<h2><span><b>Handwerk wurde automatisiert\u00a0<\/b>\u00a0<\/span><\/h2>\n<p>Das Singer Laren besch\u00e4ftigt 110 Angestellte und 130 ehrenamtliche Mitarbeiter*innen, die sich auf verschiedene Abteilungen verteilen: das Museum, den dazugeh\u00f6rigen Museumsshop, den Skulpturengarten, das Restaurant und das Theater. Eine dieser Angestellten ist Aline Dooijewaard. Als Assistentin der Gesch\u00e4ftsf\u00fchrung hat sie t\u00e4glich mit Personal und IT zu tun. Im Laufe der Jahre hat sie immer mehr Aufgaben \u00fcbernommen und neue F\u00e4higkeiten entwickelt. Nicht zuletzt wegen dieses Entwicklungsspielraums arbeitet sie immer noch gerne bei Singer Laren.<\/p>\n<p><span data-contrast=\"none\"><img loading=\"lazy\" decoding=\"async\" class=\"alignnone wp-image-23126 size-large\" src=\"https:\/\/www.dyflexis.com\/de\/wp-content\/uploads\/2019\/04\/Singer-Laren-tuin-1024x768.jpeg\" alt=\"\" width=\"1024\" height=\"768\" srcset=\"https:\/\/www.dyflexis.com\/de\/wp-content\/uploads\/2019\/04\/Singer-Laren-tuin-1024x768.jpeg 1024w, https:\/\/www.dyflexis.com\/de\/wp-content\/uploads\/2019\/04\/Singer-Laren-tuin-1350x1012.jpeg 1350w, https:\/\/www.dyflexis.com\/de\/wp-content\/uploads\/2019\/04\/Singer-Laren-tuin-415x311.jpeg 415w, https:\/\/www.dyflexis.com\/de\/wp-content\/uploads\/2019\/04\/Singer-Laren-tuin-44x33.jpeg 44w, https:\/\/www.dyflexis.com\/de\/wp-content\/uploads\/2019\/04\/Singer-Laren-tuin-40x30.jpeg 40w, https:\/\/www.dyflexis.com\/de\/wp-content\/uploads\/2019\/04\/Singer-Laren-tuin-300x225.jpeg 300w, https:\/\/www.dyflexis.com\/de\/wp-content\/uploads\/2019\/04\/Singer-Laren-tuin-768x576.jpeg 768w, https:\/\/www.dyflexis.com\/de\/wp-content\/uploads\/2019\/04\/Singer-Laren-tuin-1536x1152.jpeg 1536w, https:\/\/www.dyflexis.com\/de\/wp-content\/uploads\/2019\/04\/Singer-Laren-tuin-2048x1536.jpeg 2048w, https:\/\/www.dyflexis.com\/de\/wp-content\/uploads\/2019\/04\/Singer-Laren-tuin-1920x1440.jpeg 1920w, https:\/\/www.dyflexis.com\/de\/wp-content\/uploads\/2019\/04\/Singer-Laren-tuin-640x480.jpeg 640w, https:\/\/www.dyflexis.com\/de\/wp-content\/uploads\/2019\/04\/Singer-Laren-tuin-145x109.jpeg 145w, https:\/\/www.dyflexis.com\/de\/wp-content\/uploads\/2019\/04\/Singer-Laren-tuin-746x560.jpeg 746w, https:\/\/www.dyflexis.com\/de\/wp-content\/uploads\/2019\/04\/Singer-Laren-tuin-950x713.jpeg 950w, https:\/\/www.dyflexis.com\/de\/wp-content\/uploads\/2019\/04\/Singer-Laren-tuin-1016x762.jpeg 1016w, https:\/\/www.dyflexis.com\/de\/wp-content\/uploads\/2019\/04\/Singer-Laren-tuin-250x188.jpeg 250w, https:\/\/www.dyflexis.com\/de\/wp-content\/uploads\/2019\/04\/Singer-Laren-tuin-380x285.jpeg 380w, https:\/\/www.dyflexis.com\/de\/wp-content\/uploads\/2019\/04\/Singer-Laren-tuin-450x338.jpeg 450w, https:\/\/www.dyflexis.com\/de\/wp-content\/uploads\/2019\/04\/Singer-Laren-tuin-817x613.jpeg 817w, https:\/\/www.dyflexis.com\/de\/wp-content\/uploads\/2019\/04\/Singer-Laren-tuin-147x110.jpeg 147w, https:\/\/www.dyflexis.com\/de\/wp-content\/uploads\/2019\/04\/Singer-Laren-tuin-285x214.jpeg 285w, https:\/\/www.dyflexis.com\/de\/wp-content\/uploads\/2019\/04\/Singer-Laren-tuin-725x544.jpeg 725w\" sizes=\"auto, (max-width: 1024px) 100vw, 1024px\" \/><\/span><\/p>\n<p><em>Der Skulpturengarten<\/em><\/p>\n<p>\u201eAls ich 2014 anfing, gab es Kollegen, die schon seit Jahren auf die gleiche Weise arbeiteten. Das f\u00fchrte zu einer Stagnation in der Organisation. Wir erstellten die Dienstpl\u00e4ne manuell in Excel und auf losen A4-Bl\u00e4ttern. Au\u00dferdem schickte unser Wirtschaftspr\u00fcfer alle Gehaltsabrechnungen pers\u00f6nlich an den Lohnbuchhalter. Das war umst\u00e4ndlich und zeitraubend. \u201eDas k\u00f6nnen wir anders machen\u201c, dachte ich. Also suchte ich nach einem geeigneten Planungssystem und verglich verschiedene Software. Die Wahl fiel auf Dyflexis: Ein Berater besuchte uns pers\u00f6nlich, um es uns vorzuf\u00fchren. Das System ist benutzerfreundlich und intuitiv. Das hat uns die Entscheidung f\u00fcr Dyflexis sehr leicht gemacht.\u201c<\/p>\n<blockquote><p><em><strong>\u201eAlles, was wir fr\u00fcher manuell gemacht haben, l\u00e4uft jetzt vollautomatisch und digital.\u201c<\/strong><\/em><\/p><\/blockquote>\n<p>\u201eNachdem wir uns f\u00fcr Dyflexis entschieden hatten, ging alles sehr schnell.\u00a0<a href=\"https:\/\/www.dyflexis.com\/nl\/de-vijf-voordelen-van-een-workforce-management-software-consultant\/\">Der Berater half uns bei der Einf\u00fchrung des Systems und gab uns wertvolle Hinweise zu wichtigen Gesch\u00e4ftsprozessen.<\/a>\u00a0Das erm\u00f6glichte Schritte zu einer st\u00e4rkeren Zentralisierung. Als N\u00e4chstes haben meine Kolleg*innen und ich die Schulung besucht. Seitdem erstellen wir<span>\u00a0<\/span><a href=\"https:\/\/www.dyflexis.com\/nl\/workforce-management\/personeelsplanning\/\">Dienstpl\u00e4ne<\/a>\u00a0im Handumdrehen\u00a0und die Lohnabrechnung l\u00e4uft reibungslos. Das kommt durch die Verkn\u00fcpfung mit Countus Accountants und mit<span>\u00a0<\/span><a href=\"https:\/\/www.dyflexis.com\/nl\/marketplace\/exact\/\">Exact Online<\/a>.\u201c<\/p>\n<h2><strong><span>Alle B\u00e4lle in der Luft halten<\/span><\/strong><\/h2>\n<p>\u201eJede Woche begr\u00fc\u00dfen wir viele Kunstliebhaber*innen im Museum. Im Jahr 2022 haben wir im Museum mit 213.000 Eintritten einen neuen Besucherrekord erzielt. Alles zusammen waren es sogar 260.000! Fast alle Museumsbesucher konsumieren w\u00e4hrend ihres Besuchs eine Tasse Kaffee und ein Geb\u00e4ck. Deshalb empfangen wir im Singer Caf\u00e9 w\u00f6chentlich f\u00fcnftausend G\u00e4ste. Unser Theatersaal bietet 400 Sitzpl\u00e4tze. Viele von ihnen speisen vor der Auff\u00fchrung in unserem Restaurant. Des Weiteren vermieten wir auch R\u00e4ume f\u00fcr Konferenzen und Veranstaltungen. All diese Aktivit\u00e4ten schaffen ein dynamisches Arbeitsumfeld und erfordern eine perfekte Koordination und Kontrolle. Begreiflicherweise ist es ein ziemlicher Aufwand, unsere Angestellten und ehrenamtlichen Mitarbeiter*innen so einzuteilen, dass wir unseren Besucher*innen ein angenehmes Erlebnis bieten k\u00f6nnen.\u201c<\/p>\n<p><span data-contrast=\"none\"><img loading=\"lazy\" decoding=\"async\" class=\"alignnone wp-image-23125 size-large\" src=\"https:\/\/www.dyflexis.com\/de\/wp-content\/uploads\/2019\/04\/Singer-Laren-terras-1024x683.jpg\" alt=\"\" width=\"1024\" height=\"683\" srcset=\"https:\/\/www.dyflexis.com\/de\/wp-content\/uploads\/2019\/04\/Singer-Laren-terras-1024x683.jpg 1024w, https:\/\/www.dyflexis.com\/de\/wp-content\/uploads\/2019\/04\/Singer-Laren-terras-415x277.jpg 415w, https:\/\/www.dyflexis.com\/de\/wp-content\/uploads\/2019\/04\/Singer-Laren-terras-50x33.jpg 50w, https:\/\/www.dyflexis.com\/de\/wp-content\/uploads\/2019\/04\/Singer-Laren-terras-40x27.jpg 40w, https:\/\/www.dyflexis.com\/de\/wp-content\/uploads\/2019\/04\/Singer-Laren-terras-300x200.jpg 300w, https:\/\/www.dyflexis.com\/de\/wp-content\/uploads\/2019\/04\/Singer-Laren-terras-768x512.jpg 768w, https:\/\/www.dyflexis.com\/de\/wp-content\/uploads\/2019\/04\/Singer-Laren-terras-1536x1024.jpg 1536w, https:\/\/www.dyflexis.com\/de\/wp-content\/uploads\/2019\/04\/Singer-Laren-terras-1920x1280.jpg 1920w, https:\/\/www.dyflexis.com\/de\/wp-content\/uploads\/2019\/04\/Singer-Laren-terras-1350x900.jpg 1350w, https:\/\/www.dyflexis.com\/de\/wp-content\/uploads\/2019\/04\/Singer-Laren-terras-640x427.jpg 640w, https:\/\/www.dyflexis.com\/de\/wp-content\/uploads\/2019\/04\/Singer-Laren-terras-164x109.jpg 164w, https:\/\/www.dyflexis.com\/de\/wp-content\/uploads\/2019\/04\/Singer-Laren-terras-746x497.jpg 746w, https:\/\/www.dyflexis.com\/de\/wp-content\/uploads\/2019\/04\/Singer-Laren-terras-950x633.jpg 950w, https:\/\/www.dyflexis.com\/de\/wp-content\/uploads\/2019\/04\/Singer-Laren-terras-1016x677.jpg 1016w, https:\/\/www.dyflexis.com\/de\/wp-content\/uploads\/2019\/04\/Singer-Laren-terras-250x167.jpg 250w, https:\/\/www.dyflexis.com\/de\/wp-content\/uploads\/2019\/04\/Singer-Laren-terras-380x253.jpg 380w, https:\/\/www.dyflexis.com\/de\/wp-content\/uploads\/2019\/04\/Singer-Laren-terras-450x300.jpg 450w, https:\/\/www.dyflexis.com\/de\/wp-content\/uploads\/2019\/04\/Singer-Laren-terras-817x545.jpg 817w, https:\/\/www.dyflexis.com\/de\/wp-content\/uploads\/2019\/04\/Singer-Laren-terras-165x110.jpg 165w, https:\/\/www.dyflexis.com\/de\/wp-content\/uploads\/2019\/04\/Singer-Laren-terras-285x190.jpg 285w, https:\/\/www.dyflexis.com\/de\/wp-content\/uploads\/2019\/04\/Singer-Laren-terras-725x483.jpg 725w, https:\/\/www.dyflexis.com\/de\/wp-content\/uploads\/2019\/04\/Singer-Laren-terras.jpg 2048w\" sizes=\"auto, (max-width: 1024px) 100vw, 1024px\" \/><\/span><\/p>\n<p><em>Die sonnige Terrasse im Skulpturengarten<\/em><\/p>\n<p>Dass so viele verschiedene Angebote gleichzeitig m\u00f6glich sind, ist dem Wachstum der vergangenen Jahre zu danken: \u201eIm Jahr 2015 haben wir eine gro\u00dfe Renovierung in Angriff genommen: Wir haben eine neue zentrale Eingangshalle gebaut, die als Eingang zum Museum, zum Theater und zum Restaurant dient. Auch der Theatersaal wurde komplett neu gestaltet.\u201c<\/p>\n<blockquote><p><strong><em>\u201eDyflexis erleichtert uns das Wachstum und st\u00e4rkt den Zusammenhalt unter den Leuten.\u201c<\/em><\/strong><em>\u00a0<\/em><\/p><\/blockquote>\n<p>\u201c<a href=\"https:\/\/www.singerlaren.nl\/nl\/pQJwktB\/collectie-nardinc\">2018 erhielten wir eine umfangreiche Spende von Els Blokker:<\/a><span>\u00a0<\/span>sie hat dem Museum mehr als 100 Gem\u00e4lde geschenkt. Um diese sch\u00f6ne Erg\u00e4nzung dauerhaft in unsere Sammlung aufzunehmen, haben wir einen neuen Fl\u00fcgel mit f\u00fcnf zus\u00e4tzlichen R\u00e4umen gebaut. Wegen Corona konnten unsere Leute nicht mehr ihrer normalen T\u00e4tigkeit nachgehen und halfen stattdessen bei den Bauarbeiten. Dieser gemeinsame Einsatz war ein wertvolles Erlebnis.\u201c<\/p>\n<h2><strong><span>Gemeinsam st\u00e4rker und strategischer<\/span><\/strong><\/h2>\n<p>\u201eIm Jahr 2022 hatten wir alle Renovierungsarbeiten abgeschlossen. Wir sind wirklich stolz auf das Ergebnis, wir haben es gemeinsam geschafft. Nach dieser r\u00e4umlichen Erweiterung unserer Organisation ben\u00f6tigten wir mehr Arbeitskr\u00e4fte: Neues Sicherheitspersonal, Kassierer und eine*n Kurator*in f\u00fcr die Els-Blokker-Sammlung.\u201c<\/p>\n<p>\u201eDyflexis erleichterte dieses Wachstum und st\u00e4rkte unser Zusammengeh\u00f6rigkeitsgef\u00fchl. \u00dcber das System senden wir eine Willkommens-E-Mail an neue Kolleg*innen. Man lernt sich online \u00fcber die Mitarbeiterfotos auf der Homepage kennen. So bleiben wir ein vertrautes Team.\u201c<\/p>\n<p><span data-contrast=\"none\"><img loading=\"lazy\" decoding=\"async\" class=\"alignnone wp-image-23124 size-full\" src=\"https:\/\/www.dyflexis.com\/de\/wp-content\/uploads\/2019\/04\/Singer-Laren-buitenaanzicht.jpg\" alt=\"\" width=\"1024\" height=\"682\" srcset=\"https:\/\/www.dyflexis.com\/de\/wp-content\/uploads\/2019\/04\/Singer-Laren-buitenaanzicht.jpg 1024w, https:\/\/www.dyflexis.com\/de\/wp-content\/uploads\/2019\/04\/Singer-Laren-buitenaanzicht-415x276.jpg 415w, https:\/\/www.dyflexis.com\/de\/wp-content\/uploads\/2019\/04\/Singer-Laren-buitenaanzicht-50x33.jpg 50w, https:\/\/www.dyflexis.com\/de\/wp-content\/uploads\/2019\/04\/Singer-Laren-buitenaanzicht-40x27.jpg 40w, https:\/\/www.dyflexis.com\/de\/wp-content\/uploads\/2019\/04\/Singer-Laren-buitenaanzicht-300x200.jpg 300w, https:\/\/www.dyflexis.com\/de\/wp-content\/uploads\/2019\/04\/Singer-Laren-buitenaanzicht-768x512.jpg 768w, https:\/\/www.dyflexis.com\/de\/wp-content\/uploads\/2019\/04\/Singer-Laren-buitenaanzicht-640x426.jpg 640w, https:\/\/www.dyflexis.com\/de\/wp-content\/uploads\/2019\/04\/Singer-Laren-buitenaanzicht-164x109.jpg 164w, https:\/\/www.dyflexis.com\/de\/wp-content\/uploads\/2019\/04\/Singer-Laren-buitenaanzicht-746x497.jpg 746w, https:\/\/www.dyflexis.com\/de\/wp-content\/uploads\/2019\/04\/Singer-Laren-buitenaanzicht-950x633.jpg 950w, https:\/\/www.dyflexis.com\/de\/wp-content\/uploads\/2019\/04\/Singer-Laren-buitenaanzicht-1016x677.jpg 1016w, https:\/\/www.dyflexis.com\/de\/wp-content\/uploads\/2019\/04\/Singer-Laren-buitenaanzicht-250x167.jpg 250w, https:\/\/www.dyflexis.com\/de\/wp-content\/uploads\/2019\/04\/Singer-Laren-buitenaanzicht-380x253.jpg 380w, https:\/\/www.dyflexis.com\/de\/wp-content\/uploads\/2019\/04\/Singer-Laren-buitenaanzicht-450x300.jpg 450w, https:\/\/www.dyflexis.com\/de\/wp-content\/uploads\/2019\/04\/Singer-Laren-buitenaanzicht-817x544.jpg 817w, https:\/\/www.dyflexis.com\/de\/wp-content\/uploads\/2019\/04\/Singer-Laren-buitenaanzicht-165x110.jpg 165w, https:\/\/www.dyflexis.com\/de\/wp-content\/uploads\/2019\/04\/Singer-Laren-buitenaanzicht-285x190.jpg 285w, https:\/\/www.dyflexis.com\/de\/wp-content\/uploads\/2019\/04\/Singer-Laren-buitenaanzicht-725x483.jpg 725w\" sizes=\"auto, (max-width: 1024px) 100vw, 1024px\" \/><\/span><\/p>\n<p><em>Das Singer Laren ist modern und vielseitig<\/em><\/p>\n<p>\u201eNach aller Hektik wegen Renovierungen, Corona und Lockdowns kann ich mich jetzt wieder verst\u00e4rkt unserer Weiterentwicklung widmen. Wie kann ich unseren Besucher*innen das beste Erlebnis verschaffen? Wie sorge ich daf\u00fcr, dass meine Kolleg*innen weiterhin gerne bei uns arbeiten? Wie hole ich das Beste aus unserer<span>\u00a0<\/span><em>Workforce<\/em><span>\u00a0<\/span>heraus? Dyflexis ist in dieser Beziehung eine gro\u00dfe Bereicherung. Die\u00a0<a href=\"https:\/\/www.dyflexis.com\/de\/workforce-management\/auswertungsberichte-und-dashboards\/\">Auswertungsberichte<\/a>\u00a0und Analysen haben aufgezeigt, dass wir bei hohem Besucheraufkommen im Museumsshop weniger verkaufen. Das liegt daran, dass wenn es sehr voll ist, die Leute an der Kasse Schlange stehen m\u00fcssen. Indem wir effizienter planen, vermeiden wir die Spitzenbelastung. So entsteht ein ruhiges Umfeld f\u00fcr unsere Besucher*innen und unsere Angestellten. Solche Einsichten erh\u00e4lt man nur, wenn man die Produktivit\u00e4t pro Abteilung mit dem Umsatz vergleicht.\u201c<\/p>\n<p>\u201cMein n\u00e4chster Schritt im\u00a0<a href=\"https:\/\/www.dyflexis.com\/nl\/workforce-management\/\">Workforce Management<\/a>\u00a0ist die Abgleichung aller Prozesse. Ich erstelle beispielsweise Einsatzpl\u00e4ne unter Ber\u00fccksichtigung der Wettervorhersagen. Bei gutem Wetter wird der Skulpturengarten besser besucht. Unsere Gastst\u00e4tten nutzen das Dyflexis-Managementtool zur Verwaltung ihrer Budgets. Wenn wir neue Ausstellungen er\u00f6ffnen, empfangen wir mehr G\u00e4ste. Dann brauchen wir mehr Arbeitskr\u00e4fte, um den Besuch f\u00fcr alle so angenehm wie m\u00f6glich zu gestalten. Ich nutze diese Erkenntnisse f\u00fcr eine strategische Personalplanung. Auf diese Weise k\u00f6nnen wir uns als Organisation st\u00e4ndig weiterentwickeln und verbessern. Davon profitieren Kunstinteressierte, f\u00fcr die jeder Besuch im Singer Laren zu einem einzigartigen und unvergesslichen Erlebnis wird.\u201c<\/p>\n<\/div>\t\t<\/div>\n\t\t\n\t<\/div>\n<\/div>\n\t<\/div>\n\n    <\/div>\n","protected":false},"featured_media":23121,"template":"","meta":{"_acf_changed":true,"inline_featured_image":false,"editor_notices":[]},"ww_customer_reviews_categories":[63],"class_list":["post-22292","ww_customer_reviews","type-ww_customer_reviews","status-publish","has-post-thumbnail","hentry"],"acf":[],"yoast_head":"<title>Moderne Kunst verlangt modernes Arbeiten | Dyflexis<\/title>\n<meta name=\"robots\" content=\"index, follow, max-snippet:-1, max-image-preview:large, max-video-preview:-1\" \/>\n<link rel=\"canonical\" href=\"https:\/\/www.dyflexis.com\/de\/reviews\/singer-laren\/\" \/>\n<meta property=\"og:locale\" content=\"de_DE\" \/>\n<meta property=\"og:type\" content=\"article\" \/>\n<meta property=\"og:title\" content=\"Moderne Kunst verlangt modernes Arbeiten | Dyflexis\" \/>\n<meta property=\"og:url\" content=\"https:\/\/www.dyflexis.com\/de\/reviews\/singer-laren\/\" \/>\n<meta property=\"og:site_name\" content=\"Dyflexis (DE)\" \/>\n<meta property=\"article:modified_time\" content=\"2026-03-06T15:44:59+00:00\" \/>\n<meta name=\"twitter:card\" content=\"summary_large_image\" \/>\n<meta name=\"twitter:label1\" content=\"Gesch\u00e4tzte Lesezeit\" \/>\n\t<meta name=\"twitter:data1\" content=\"1\u00a0Minute\" \/>\n<script type=\"application\/ld+json\" class=\"yoast-schema-graph\">{\"@context\":\"https:\/\/schema.org\",\"@graph\":[{\"@type\":\"WebPage\",\"@id\":\"https:\/\/www.dyflexis.com\/de\/reviews\/singer-laren\/\",\"url\":\"https:\/\/www.dyflexis.com\/de\/reviews\/singer-laren\/\",\"name\":\"Moderne Kunst verlangt modernes Arbeiten | Dyflexis\",\"isPartOf\":{\"@id\":\"https:\/\/www.dyflexis.com\/de\/#website\"},\"primaryImageOfPage\":{\"@id\":\"https:\/\/www.dyflexis.com\/de\/reviews\/singer-laren\/#primaryimage\"},\"image\":{\"@id\":\"https:\/\/www.dyflexis.com\/de\/reviews\/singer-laren\/#primaryimage\"},\"thumbnailUrl\":\"https:\/\/www.dyflexis.com\/de\/wp-content\/uploads\/2019\/04\/Aline-Dooijewaard-en-collegas-bij-Singer-Laren-1.jpg\",\"datePublished\":\"2023-10-02T08:29:59+00:00\",\"dateModified\":\"2026-03-06T15:44:59+00:00\",\"breadcrumb\":{\"@id\":\"https:\/\/www.dyflexis.com\/de\/reviews\/singer-laren\/#breadcrumb\"},\"inLanguage\":\"de\",\"potentialAction\":[{\"@type\":\"ReadAction\",\"target\":[\"https:\/\/www.dyflexis.com\/de\/reviews\/singer-laren\/\"]}]},{\"@type\":\"ImageObject\",\"inLanguage\":\"de\",\"@id\":\"https:\/\/www.dyflexis.com\/de\/reviews\/singer-laren\/#primaryimage\",\"url\":\"https:\/\/www.dyflexis.com\/de\/wp-content\/uploads\/2019\/04\/Aline-Dooijewaard-en-collegas-bij-Singer-Laren-1.jpg\",\"contentUrl\":\"https:\/\/www.dyflexis.com\/de\/wp-content\/uploads\/2019\/04\/Aline-Dooijewaard-en-collegas-bij-Singer-Laren-1.jpg\"},{\"@type\":\"BreadcrumbList\",\"@id\":\"https:\/\/www.dyflexis.com\/de\/reviews\/singer-laren\/#breadcrumb\",\"itemListElement\":[{\"@type\":\"ListItem\",\"position\":1,\"name\":\"Home\",\"item\":\"https:\/\/www.dyflexis.com\/de\/\"},{\"@type\":\"ListItem\",\"position\":2,\"name\":\"Moderne Kunst verlangt modernes Arbeiten\"}]},{\"@type\":\"WebSite\",\"@id\":\"https:\/\/www.dyflexis.com\/de\/#website\",\"url\":\"https:\/\/www.dyflexis.com\/de\/\",\"name\":\"Dyflexis\",\"description\":\"Dyflexis Workforce Management | Bigger Together\",\"publisher\":{\"@id\":\"https:\/\/www.dyflexis.com\/de\/#organization\"},\"alternateName\":\"Dyflexis Workforce Management\",\"potentialAction\":[{\"@type\":\"SearchAction\",\"target\":{\"@type\":\"EntryPoint\",\"urlTemplate\":\"https:\/\/www.dyflexis.com\/de\/?s={search_term_string}\"},\"query-input\":{\"@type\":\"PropertyValueSpecification\",\"valueRequired\":true,\"valueName\":\"search_term_string\"}}],\"inLanguage\":\"de\"},{\"@type\":\"Organization\",\"@id\":\"https:\/\/www.dyflexis.com\/de\/#organization\",\"name\":\"Dyflexis\",\"alternateName\":\"Dyflexis Workforce Management\",\"url\":\"https:\/\/www.dyflexis.com\/de\/\",\"logo\":{\"@type\":\"ImageObject\",\"inLanguage\":\"de\",\"@id\":\"https:\/\/www.dyflexis.com\/de\/#\/schema\/logo\/image\/\",\"url\":\"https:\/\/www.dyflexis.com\/de\/wp-content\/uploads\/2026\/03\/LinkedIn-Company-Logo.jpg\",\"contentUrl\":\"https:\/\/www.dyflexis.com\/de\/wp-content\/uploads\/2026\/03\/LinkedIn-Company-Logo.jpg\",\"width\":300,\"height\":300,\"caption\":\"Dyflexis\"},\"image\":{\"@id\":\"https:\/\/www.dyflexis.com\/de\/#\/schema\/logo\/image\/\"}}]}<\/script>","yoast_head_json":{"title":"Moderne Kunst verlangt modernes Arbeiten | Dyflexis","robots":{"index":"index","follow":"follow","max-snippet":"max-snippet:-1","max-image-preview":"max-image-preview:large","max-video-preview":"max-video-preview:-1"},"canonical":"https:\/\/www.dyflexis.com\/de\/reviews\/singer-laren\/","og_locale":"de_DE","og_type":"article","og_title":"Moderne Kunst verlangt modernes Arbeiten | Dyflexis","og_url":"https:\/\/www.dyflexis.com\/de\/reviews\/singer-laren\/","og_site_name":"Dyflexis (DE)","article_modified_time":"2026-03-06T15:44:59+00:00","twitter_card":"summary_large_image","twitter_misc":{"Gesch\u00e4tzte Lesezeit":"1\u00a0Minute"},"schema":{"@context":"https:\/\/schema.org","@graph":[{"@type":"WebPage","@id":"https:\/\/www.dyflexis.com\/de\/reviews\/singer-laren\/","url":"https:\/\/www.dyflexis.com\/de\/reviews\/singer-laren\/","name":"Moderne Kunst verlangt modernes Arbeiten | Dyflexis","isPartOf":{"@id":"https:\/\/www.dyflexis.com\/de\/#website"},"primaryImageOfPage":{"@id":"https:\/\/www.dyflexis.com\/de\/reviews\/singer-laren\/#primaryimage"},"image":{"@id":"https:\/\/www.dyflexis.com\/de\/reviews\/singer-laren\/#primaryimage"},"thumbnailUrl":"https:\/\/www.dyflexis.com\/de\/wp-content\/uploads\/2019\/04\/Aline-Dooijewaard-en-collegas-bij-Singer-Laren-1.jpg","datePublished":"2023-10-02T08:29:59+00:00","dateModified":"2026-03-06T15:44:59+00:00","breadcrumb":{"@id":"https:\/\/www.dyflexis.com\/de\/reviews\/singer-laren\/#breadcrumb"},"inLanguage":"de","potentialAction":[{"@type":"ReadAction","target":["https:\/\/www.dyflexis.com\/de\/reviews\/singer-laren\/"]}]},{"@type":"ImageObject","inLanguage":"de","@id":"https:\/\/www.dyflexis.com\/de\/reviews\/singer-laren\/#primaryimage","url":"https:\/\/www.dyflexis.com\/de\/wp-content\/uploads\/2019\/04\/Aline-Dooijewaard-en-collegas-bij-Singer-Laren-1.jpg","contentUrl":"https:\/\/www.dyflexis.com\/de\/wp-content\/uploads\/2019\/04\/Aline-Dooijewaard-en-collegas-bij-Singer-Laren-1.jpg"},{"@type":"BreadcrumbList","@id":"https:\/\/www.dyflexis.com\/de\/reviews\/singer-laren\/#breadcrumb","itemListElement":[{"@type":"ListItem","position":1,"name":"Home","item":"https:\/\/www.dyflexis.com\/de\/"},{"@type":"ListItem","position":2,"name":"Moderne Kunst verlangt modernes Arbeiten"}]},{"@type":"WebSite","@id":"https:\/\/www.dyflexis.com\/de\/#website","url":"https:\/\/www.dyflexis.com\/de\/","name":"Dyflexis","description":"Dyflexis Workforce Management | Bigger Together","publisher":{"@id":"https:\/\/www.dyflexis.com\/de\/#organization"},"alternateName":"Dyflexis Workforce Management","potentialAction":[{"@type":"SearchAction","target":{"@type":"EntryPoint","urlTemplate":"https:\/\/www.dyflexis.com\/de\/?s={search_term_string}"},"query-input":{"@type":"PropertyValueSpecification","valueRequired":true,"valueName":"search_term_string"}}],"inLanguage":"de"},{"@type":"Organization","@id":"https:\/\/www.dyflexis.com\/de\/#organization","name":"Dyflexis","alternateName":"Dyflexis Workforce Management","url":"https:\/\/www.dyflexis.com\/de\/","logo":{"@type":"ImageObject","inLanguage":"de","@id":"https:\/\/www.dyflexis.com\/de\/#\/schema\/logo\/image\/","url":"https:\/\/www.dyflexis.com\/de\/wp-content\/uploads\/2026\/03\/LinkedIn-Company-Logo.jpg","contentUrl":"https:\/\/www.dyflexis.com\/de\/wp-content\/uploads\/2026\/03\/LinkedIn-Company-Logo.jpg","width":300,"height":300,"caption":"Dyflexis"},"image":{"@id":"https:\/\/www.dyflexis.com\/de\/#\/schema\/logo\/image\/"}}]}},"_links":{"self":[{"href":"https:\/\/www.dyflexis.com\/de\/wp-json\/wp\/v2\/ww_customer_reviews\/22292","targetHints":{"allow":["GET"]}}],"collection":[{"href":"https:\/\/www.dyflexis.com\/de\/wp-json\/wp\/v2\/ww_customer_reviews"}],"about":[{"href":"https:\/\/www.dyflexis.com\/de\/wp-json\/wp\/v2\/types\/ww_customer_reviews"}],"wp:featuredmedia":[{"embeddable":true,"href":"https:\/\/www.dyflexis.com\/de\/wp-json\/"}],"wp:attachment":[{"href":"https:\/\/www.dyflexis.com\/de\/wp-json\/wp\/v2\/media?parent=22292"}],"wp:term":[{"taxonomy":"ww_customer_reviews_categories","embeddable":true,"href":"https:\/\/www.dyflexis.com\/de\/wp-json\/wp\/v2\/ww_customer_reviews_categories?post=22292"}],"curies":[{"name":"wp","href":"https:\/\/api.w.org\/{rel}","templated":true}]}}